{"id":779,"date":"2023-03-18T08:19:40","date_gmt":"2023-03-18T07:19:40","guid":{"rendered":"https:\/\/www.adaviac.cat\/?page_id=779"},"modified":"2023-06-02T09:33:47","modified_gmt":"2023-06-02T07:33:47","slug":"associat-adaviac","status":"publish","type":"page","link":"https:\/\/www.adaviac.cat\/es\/associat-adaviac\/","title":{"rendered":"Associat a ADAVIAC"},"content":{"rendered":"<div data-elementor-type=\"wp-page\" data-elementor-id=\"779\" class=\"elementor elementor-779\">\n\t\t\t\t\t\t<section class=\"elementor-section elementor-top-section elementor-element elementor-element-43f028cb elementor-section-boxed elementor-section-height-default elementor-section-height-default\" data-id=\"43f028cb\" data-element_type=\"section\" data-e-type=\"section\" data-settings=\"{&quot;background_background&quot;:&quot;classic&quot;}\">\n\t\t\t\t\t\t\t<div class=\"elementor-background-overlay\"><\/div>\n\t\t\t\t\t\t\t<div class=\"elementor-container elementor-column-gap-default\">\n\t\t\t\t\t<div class=\"elementor-column elementor-col-100 elementor-top-column elementor-element elementor-element-777c8e64\" data-id=\"777c8e64\" data-element_type=\"column\" data-e-type=\"column\">\n\t\t\t<div class=\"elementor-widget-wrap elementor-element-populated\">\n\t\t\t\t\t\t<section class=\"elementor-section elementor-inner-section elementor-element elementor-element-5caba604 elementor-section-boxed elementor-section-height-default elementor-section-height-default\" data-id=\"5caba604\" data-element_type=\"section\" data-e-type=\"section\">\n\t\t\t\t\t\t<div class=\"elementor-container elementor-column-gap-wider\">\n\t\t\t\t\t<div class=\"elementor-column elementor-col-100 elementor-inner-column elementor-element elementor-element-19087d4e\" data-id=\"19087d4e\" data-element_type=\"column\" data-e-type=\"column\">\n\t\t\t<div class=\"elementor-widget-wrap elementor-element-populated\">\n\t\t\t\t\t\t<div class=\"elementor-element elementor-element-175287a5 elementor-invisible elementor-widget elementor-widget-heading\" data-id=\"175287a5\" data-element_type=\"widget\" data-e-type=\"widget\" data-settings=\"{&quot;_animation&quot;:&quot;fadeIn&quot;,&quot;_animation_delay&quot;:100}\" data-widget_type=\"heading.default\">\n\t\t\t\t<div class=\"elementor-widget-container\">\n\t\t\t\t\t<h2 class=\"elementor-heading-title elementor-size-default\">ASOCIATE EN ADAVIAC<\/h2>\t\t\t\t<\/div>\n\t\t\t\t<\/div>\n\t\t\t\t\t<\/div>\n\t\t<\/div>\n\t\t\t\t\t<\/div>\n\t\t<\/section>\n\t\t\t\t\t<\/div>\n\t\t<\/div>\n\t\t\t\t\t<\/div>\n\t\t<\/section>\n\t\t\t\t<section class=\"elementor-section elementor-inner-section elementor-element elementor-element-46d374fc envato-kit-164-top-0 elementor-section-boxed elementor-section-height-default elementor-section-height-default\" data-id=\"46d374fc\" data-element_type=\"section\" data-e-type=\"section\">\n\t\t\t\t\t\t<div class=\"elementor-container elementor-column-gap-wider\">\n\t\t\t\t\t<div class=\"elementor-column elementor-col-33 elementor-inner-column elementor-element elementor-element-49fdd900 animated-fast elementor-invisible\" data-id=\"49fdd900\" data-element_type=\"column\" data-e-type=\"column\" data-settings=\"{&quot;animation&quot;:&quot;pulse&quot;,&quot;animation_delay&quot;:100}\">\n\t\t\t<div class=\"elementor-widget-wrap elementor-element-populated\">\n\t\t\t\t\t\t<div class=\"elementor-element elementor-element-25ce060f elementor-position-inline-start elementor-view-default elementor-mobile-position-block-start elementor-widget elementor-widget-icon-box\" data-id=\"25ce060f\" data-element_type=\"widget\" data-e-type=\"widget\" data-widget_type=\"icon-box.default\">\n\t\t\t\t<div class=\"elementor-widget-container\">\n\t\t\t\t\t\t\t<div class=\"elementor-icon-box-wrapper\">\n\n\t\t\t\t\t\t<div class=\"elementor-icon-box-icon\">\n\t\t\t\t<span  class=\"elementor-icon\">\n\t\t\t\t<i aria-hidden=\"true\" class=\"far fa-newspaper\"><\/i>\t\t\t\t<\/span>\n\t\t\t<\/div>\n\t\t\t\n\t\t\t\t\t\t<div class=\"elementor-icon-box-content\">\n\n\t\t\t\t\t\t\t\t\t<h3 class=\"elementor-icon-box-title\">\n\t\t\t\t\t\t<span  >\n\t\t\t\t\t\t\tRecursos\t\t\t\t\t\t<\/span>\n\t\t\t\t\t<\/h3>\n\t\t\t\t\n\t\t\t\t\t\t\t\t\t<p class=\"elementor-icon-box-description\">\n\t\t\t\t\t\tTen acceso al \u00e1rea privado con material preparado por abogados especialistas en la materia con m\u00e1s de 25 a\u00f1os de trayectoria en el derecho de responsabilidad civil.\t\t\t\t\t<\/p>\n\t\t\t\t\n\t\t\t<\/div>\n\t\t\t\n\t\t<\/div>\n\t\t\t\t\t\t<\/div>\n\t\t\t\t<\/div>\n\t\t\t\t\t<\/div>\n\t\t<\/div>\n\t\t\t\t<div class=\"elementor-column elementor-col-33 elementor-inner-column elementor-element elementor-element-5a601081 animated-fast elementor-invisible\" data-id=\"5a601081\" data-element_type=\"column\" data-e-type=\"column\" data-settings=\"{&quot;animation&quot;:&quot;pulse&quot;,&quot;animation_delay&quot;:200}\">\n\t\t\t<div class=\"elementor-widget-wrap elementor-element-populated\">\n\t\t\t\t\t\t<div class=\"elementor-element elementor-element-356f2387 elementor-position-inline-start elementor-view-default elementor-mobile-position-block-start elementor-widget elementor-widget-icon-box\" data-id=\"356f2387\" data-element_type=\"widget\" data-e-type=\"widget\" data-widget_type=\"icon-box.default\">\n\t\t\t\t<div class=\"elementor-widget-container\">\n\t\t\t\t\t\t\t<div class=\"elementor-icon-box-wrapper\">\n\n\t\t\t\t\t\t<div class=\"elementor-icon-box-icon\">\n\t\t\t\t<span  class=\"elementor-icon\">\n\t\t\t\t<i aria-hidden=\"true\" class=\"fas fa-users\"><\/i>\t\t\t\t<\/span>\n\t\t\t<\/div>\n\t\t\t\n\t\t\t\t\t\t<div class=\"elementor-icon-box-content\">\n\n\t\t\t\t\t\t\t\t\t<h3 class=\"elementor-icon-box-title\">\n\t\t\t\t\t\t<span  >\n\t\t\t\t\t\t\tColaboraci\u00f3n\t\t\t\t\t\t<\/span>\n\t\t\t\t\t<\/h3>\n\t\t\t\t\n\t\t\t\t\t\t\t\t\t<p class=\"elementor-icon-box-description\">\n\t\t\t\t\t\t\u00danete a un grupo de profesionales especializados en responsabilidad civil, con una larga trayectoria ayudando a v\u00edctimas de accidentes a velar por sus derechos.\t\t\t\t\t<\/p>\n\t\t\t\t\n\t\t\t<\/div>\n\t\t\t\n\t\t<\/div>\n\t\t\t\t\t\t<\/div>\n\t\t\t\t<\/div>\n\t\t\t\t\t<\/div>\n\t\t<\/div>\n\t\t\t\t<div class=\"elementor-column elementor-col-33 elementor-inner-column elementor-element elementor-element-7baf98db animated-fast elementor-invisible\" data-id=\"7baf98db\" data-element_type=\"column\" data-e-type=\"column\" data-settings=\"{&quot;animation&quot;:&quot;pulse&quot;,&quot;animation_delay&quot;:300}\">\n\t\t\t<div class=\"elementor-widget-wrap elementor-element-populated\">\n\t\t\t\t\t\t<div class=\"elementor-element elementor-element-34f1bea0 elementor-position-inline-start elementor-view-default elementor-mobile-position-block-start elementor-widget elementor-widget-icon-box\" data-id=\"34f1bea0\" data-element_type=\"widget\" data-e-type=\"widget\" data-widget_type=\"icon-box.default\">\n\t\t\t\t<div class=\"elementor-widget-container\">\n\t\t\t\t\t\t\t<div class=\"elementor-icon-box-wrapper\">\n\n\t\t\t\t\t\t<div class=\"elementor-icon-box-icon\">\n\t\t\t\t<span  class=\"elementor-icon\">\n\t\t\t\t<i aria-hidden=\"true\" class=\"fas fa-map-marked-alt\"><\/i>\t\t\t\t<\/span>\n\t\t\t<\/div>\n\t\t\t\n\t\t\t\t\t\t<div class=\"elementor-icon-box-content\">\n\n\t\t\t\t\t\t\t\t\t<h3 class=\"elementor-icon-box-title\">\n\t\t\t\t\t\t<span  >\n\t\t\t\t\t\t\tCuota Econ\u00f3mica\t\t\t\t\t\t<\/span>\n\t\t\t\t\t<\/h3>\n\t\t\t\t\n\t\t\t\t\t\t\t\t\t<p class=\"elementor-icon-box-description\">\n\t\t\t\t\t\tLa quota associativa \u00e9s de 140\u20ac anuals, cobrat en 2 c\u00e0rrecs semestrals de 70\u20ac.\t\t\t\t\t<\/p>\n\t\t\t\t\n\t\t\t<\/div>\n\t\t\t\n\t\t<\/div>\n\t\t\t\t\t\t<\/div>\n\t\t\t\t<\/div>\n\t\t\t\t\t<\/div>\n\t\t<\/div>\n\t\t\t\t\t<\/div>\n\t\t<\/section>\n\t\t\t\t<section class=\"elementor-section elementor-top-section elementor-element elementor-element-ccf5303 elementor-section-boxed elementor-section-height-default elementor-section-height-default\" data-id=\"ccf5303\" data-element_type=\"section\" data-e-type=\"section\">\n\t\t\t\t\t\t<div class=\"elementor-container elementor-column-gap-default\">\n\t\t\t\t\t<div class=\"elementor-column elementor-col-100 elementor-top-column elementor-element elementor-element-871037d\" data-id=\"871037d\" data-element_type=\"column\" data-e-type=\"column\">\n\t\t\t<div class=\"elementor-widget-wrap elementor-element-populated\">\n\t\t\t\t\t\t<div class=\"elementor-element elementor-element-a654b15 elementor-align-center elementor-widget elementor-widget-button\" data-id=\"a654b15\" data-element_type=\"widget\" data-e-type=\"widget\" data-widget_type=\"button.default\">\n\t\t\t\t<div class=\"elementor-widget-container\">\n\t\t\t\t\t\t\t\t\t<div class=\"elementor-button-wrapper\">\n\t\t\t\t\t<a class=\"elementor-button elementor-button-link elementor-size-xl\" href=\"https:\/\/www.adaviac.cat\/es\/contacte\/\">\n\t\t\t\t\t\t<span class=\"elementor-button-content-wrapper\">\n\t\t\t\t\t\t\t\t\t<span class=\"elementor-button-text\">Quiero m\u00e1s informaci\u00f3n<\/span>\n\t\t\t\t\t<\/span>\n\t\t\t\t\t<\/a>\n\t\t\t\t<\/div>\n\t\t\t\t\t\t\t\t<\/div>\n\t\t\t\t<\/div>\n\t\t\t\t<div class=\"elementor-element elementor-element-298c85f elementor-widget elementor-widget-spacer\" data-id=\"298c85f\" data-element_type=\"widget\" data-e-type=\"widget\" data-widget_type=\"spacer.default\">\n\t\t\t\t<div class=\"elementor-widget-container\">\n\t\t\t\t\t\t\t<div class=\"elementor-spacer\">\n\t\t\t<div class=\"elementor-spacer-inner\"><\/div>\n\t\t<\/div>\n\t\t\t\t\t\t<\/div>\n\t\t\t\t<\/div>\n\t\t\t\t\t<\/div>\n\t\t<\/div>\n\t\t\t\t\t<\/div>\n\t\t<\/section>\n\t\t\t\t<\/div>","protected":false},"excerpt":{"rendered":"<p>ASSOCIA&#8217;T A ADAVIAC Recursos Tingues acc\u00e9s a l&#8217;\u00e0rea privat amb material preparat per advocats especialistes en la mat\u00e8ria amb m\u00e9s de 25 anys de traject\u00f2ria en el dret de responsabilitat civil. Col\u00b7laboraci\u00f3 Uneix-te a un grup de professionals especialitzats en responsabilitat civil, amb una llarga traject\u00f2ria ajudant v\u00edctimes d&#8217;accidents a vetllar pels seus drets. Quota [&hellip;]<\/p>\n","protected":false},"author":1,"featured_media":0,"parent":0,"menu_order":0,"comment_status":"closed","ping_status":"closed","template":"elementor_header_footer","meta":{"footnotes":""},"class_list":["post-779","page","type-page","status-publish","hentry"],"yoast_head":"<!-- This site is optimized with the Yoast SEO plugin v27.1.1 - https:\/\/yoast.com\/product\/yoast-seo-wordpress\/ -->\n<title>\u00a1As\u00f3ciate ADAVIAC! Asociaci\u00f3n de Abogados Accidentes Catalu\u00f1a<\/title>\n<meta name=\"robots\" content=\"index, follow, max-snippet:-1, max-image-preview:large, max-video-preview:-1\" \/>\n<link rel=\"canonical\" href=\"https:\/\/www.adaviac.cat\/es\/associat-adaviac\/\" \/>\n<meta property=\"og:locale\" content=\"es_ES\" \/>\n<meta property=\"og:type\" content=\"article\" \/>\n<meta property=\"og:title\" content=\"\u00a1As\u00f3ciate ADAVIAC! Asociaci\u00f3n de Abogados Accidentes Catalu\u00f1a\" \/>\n<meta property=\"og:description\" content=\"ASSOCIA&#8217;T A ADAVIAC Recursos Tingues acc\u00e9s a l&#8217;\u00e0rea privat amb material preparat per advocats especialistes en la mat\u00e8ria amb m\u00e9s de 25 anys de traject\u00f2ria en el dret de responsabilitat civil. Col\u00b7laboraci\u00f3 Uneix-te a un grup de professionals especialitzats en responsabilitat civil, amb una llarga traject\u00f2ria ajudant v\u00edctimes d&#8217;accidents a vetllar pels seus drets. Quota [&hellip;]\" \/>\n<meta property=\"og:url\" content=\"https:\/\/www.adaviac.cat\/es\/associat-adaviac\/\" \/>\n<meta property=\"og:site_name\" content=\"Associaci\u00f3 d&#039;Advocats de V\u00edctimes de Catalunya\" \/>\n<meta property=\"article:modified_time\" content=\"2023-06-02T07:33:47+00:00\" \/>\n<meta name=\"twitter:card\" content=\"summary_large_image\" \/>\n<meta name=\"twitter:label1\" content=\"Tiempo de lectura\" \/>\n\t<meta name=\"twitter:data1\" content=\"1 minuto\" \/>\n<script type=\"application\/ld+json\" class=\"yoast-schema-graph\">{\"@context\":\"https:\/\/schema.org\",\"@graph\":[{\"@type\":\"WebPage\",\"@id\":\"https:\/\/www.adaviac.cat\/associat-adaviac\/\",\"url\":\"https:\/\/www.adaviac.cat\/associat-adaviac\/\",\"name\":\"\u00a1As\u00f3ciate ADAVIAC! Asociaci\u00f3n de Abogados Accidentes Catalu\u00f1a\",\"isPartOf\":{\"@id\":\"https:\/\/www.adaviac.cat\/#website\"},\"datePublished\":\"2023-03-18T07:19:40+00:00\",\"dateModified\":\"2023-06-02T07:33:47+00:00\",\"breadcrumb\":{\"@id\":\"https:\/\/www.adaviac.cat\/associat-adaviac\/#breadcrumb\"},\"inLanguage\":\"es\",\"potentialAction\":[{\"@type\":\"ReadAction\",\"target\":[\"https:\/\/www.adaviac.cat\/associat-adaviac\/\"]}]},{\"@type\":\"BreadcrumbList\",\"@id\":\"https:\/\/www.adaviac.cat\/associat-adaviac\/#breadcrumb\",\"itemListElement\":[{\"@type\":\"ListItem\",\"position\":1,\"name\":\"Portada\",\"item\":\"https:\/\/www.adaviac.cat\/\"},{\"@type\":\"ListItem\",\"position\":2,\"name\":\"Associat a ADAVIAC\"}]},{\"@type\":\"WebSite\",\"@id\":\"https:\/\/www.adaviac.cat\/#website\",\"url\":\"https:\/\/www.adaviac.cat\/\",\"name\":\"Associaci\u00f3 d&#039;Advocats de V\u00edctimes de Catalunya\",\"description\":\"ADAVIAC: Associaci\u00f3 d&#039;Advocats de V\u00edctimes de Catalunya\",\"publisher\":{\"@id\":\"https:\/\/www.adaviac.cat\/#organization\"},\"potentialAction\":[{\"@type\":\"SearchAction\",\"target\":{\"@type\":\"EntryPoint\",\"urlTemplate\":\"https:\/\/www.adaviac.cat\/?s={search_term_string}\"},\"query-input\":{\"@type\":\"PropertyValueSpecification\",\"valueRequired\":true,\"valueName\":\"search_term_string\"}}],\"inLanguage\":\"es\"},{\"@type\":\"Organization\",\"@id\":\"https:\/\/www.adaviac.cat\/#organization\",\"name\":\"Associaci\u00f3 d&#039;Advocats de V\u00edctimes de Catalunya\",\"url\":\"https:\/\/www.adaviac.cat\/\",\"logo\":{\"@type\":\"ImageObject\",\"inLanguage\":\"es\",\"@id\":\"https:\/\/www.adaviac.cat\/#\/schema\/logo\/image\/\",\"url\":\"https:\/\/www.adaviac.cat\/wp-content\/uploads\/2023\/03\/LOGO-ADAVIAC.png\",\"contentUrl\":\"https:\/\/www.adaviac.cat\/wp-content\/uploads\/2023\/03\/LOGO-ADAVIAC.png\",\"width\":350,\"height\":100,\"caption\":\"Associaci\u00f3 d&#039;Advocats de V\u00edctimes de Catalunya\"},\"image\":{\"@id\":\"https:\/\/www.adaviac.cat\/#\/schema\/logo\/image\/\"}}]}<\/script>\n<!-- \/ Yoast SEO plugin. -->","yoast_head_json":{"title":"\u00a1As\u00f3ciate ADAVIAC! Asociaci\u00f3n de Abogados Accidentes Catalu\u00f1a","robots":{"index":"index","follow":"follow","max-snippet":"max-snippet:-1","max-image-preview":"max-image-preview:large","max-video-preview":"max-video-preview:-1"},"canonical":"https:\/\/www.adaviac.cat\/es\/associat-adaviac\/","og_locale":"es_ES","og_type":"article","og_title":"\u00a1As\u00f3ciate ADAVIAC! Asociaci\u00f3n de Abogados Accidentes Catalu\u00f1a","og_description":"ASSOCIA&#8217;T A ADAVIAC Recursos Tingues acc\u00e9s a l&#8217;\u00e0rea privat amb material preparat per advocats especialistes en la mat\u00e8ria amb m\u00e9s de 25 anys de traject\u00f2ria en el dret de responsabilitat civil. Col\u00b7laboraci\u00f3 Uneix-te a un grup de professionals especialitzats en responsabilitat civil, amb una llarga traject\u00f2ria ajudant v\u00edctimes d&#8217;accidents a vetllar pels seus drets. Quota [&hellip;]","og_url":"https:\/\/www.adaviac.cat\/es\/associat-adaviac\/","og_site_name":"Associaci\u00f3 d&#039;Advocats de V\u00edctimes de Catalunya","article_modified_time":"2023-06-02T07:33:47+00:00","twitter_card":"summary_large_image","twitter_misc":{"Tiempo de lectura":"1 minuto"},"schema":{"@context":"https:\/\/schema.org","@graph":[{"@type":"WebPage","@id":"https:\/\/www.adaviac.cat\/associat-adaviac\/","url":"https:\/\/www.adaviac.cat\/associat-adaviac\/","name":"\u00a1As\u00f3ciate ADAVIAC! Asociaci\u00f3n de Abogados Accidentes Catalu\u00f1a","isPartOf":{"@id":"https:\/\/www.adaviac.cat\/#website"},"datePublished":"2023-03-18T07:19:40+00:00","dateModified":"2023-06-02T07:33:47+00:00","breadcrumb":{"@id":"https:\/\/www.adaviac.cat\/associat-adaviac\/#breadcrumb"},"inLanguage":"es","potentialAction":[{"@type":"ReadAction","target":["https:\/\/www.adaviac.cat\/associat-adaviac\/"]}]},{"@type":"BreadcrumbList","@id":"https:\/\/www.adaviac.cat\/associat-adaviac\/#breadcrumb","itemListElement":[{"@type":"ListItem","position":1,"name":"Portada","item":"https:\/\/www.adaviac.cat\/"},{"@type":"ListItem","position":2,"name":"Associat a ADAVIAC"}]},{"@type":"WebSite","@id":"https:\/\/www.adaviac.cat\/#website","url":"https:\/\/www.adaviac.cat\/","name":"Associaci\u00f3 d&#039;Advocats de V\u00edctimes de Catalunya","description":"ADAVIAC: Associaci\u00f3 d&#039;Advocats de V\u00edctimes de Catalunya","publisher":{"@id":"https:\/\/www.adaviac.cat\/#organization"},"potentialAction":[{"@type":"SearchAction","target":{"@type":"EntryPoint","urlTemplate":"https:\/\/www.adaviac.cat\/?s={search_term_string}"},"query-input":{"@type":"PropertyValueSpecification","valueRequired":true,"valueName":"search_term_string"}}],"inLanguage":"es"},{"@type":"Organization","@id":"https:\/\/www.adaviac.cat\/#organization","name":"Associaci\u00f3 d&#039;Advocats de V\u00edctimes de Catalunya","url":"https:\/\/www.adaviac.cat\/","logo":{"@type":"ImageObject","inLanguage":"es","@id":"https:\/\/www.adaviac.cat\/#\/schema\/logo\/image\/","url":"https:\/\/www.adaviac.cat\/wp-content\/uploads\/2023\/03\/LOGO-ADAVIAC.png","contentUrl":"https:\/\/www.adaviac.cat\/wp-content\/uploads\/2023\/03\/LOGO-ADAVIAC.png","width":350,"height":100,"caption":"Associaci\u00f3 d&#039;Advocats de V\u00edctimes de Catalunya"},"image":{"@id":"https:\/\/www.adaviac.cat\/#\/schema\/logo\/image\/"}}]}},"_links":{"self":[{"href":"https:\/\/www.adaviac.cat\/es\/wp-json\/wp\/v2\/pages\/779","targetHints":{"allow":["GET"]}}],"collection":[{"href":"https:\/\/www.adaviac.cat\/es\/wp-json\/wp\/v2\/pages"}],"about":[{"href":"https:\/\/www.adaviac.cat\/es\/wp-json\/wp\/v2\/types\/page"}],"author":[{"embeddable":true,"href":"https:\/\/www.adaviac.cat\/es\/wp-json\/wp\/v2\/users\/1"}],"replies":[{"embeddable":true,"href":"https:\/\/www.adaviac.cat\/es\/wp-json\/wp\/v2\/comments?post=779"}],"version-history":[{"count":20,"href":"https:\/\/www.adaviac.cat\/es\/wp-json\/wp\/v2\/pages\/779\/revisions"}],"predecessor-version":[{"id":1530,"href":"https:\/\/www.adaviac.cat\/es\/wp-json\/wp\/v2\/pages\/779\/revisions\/1530"}],"wp:attachment":[{"href":"https:\/\/www.adaviac.cat\/es\/wp-json\/wp\/v2\/media?parent=779"}],"curies":[{"name":"wp","href":"https:\/\/api.w.org\/{rel}","templated":true}]}}