{"id":42,"date":"2023-03-08T15:29:45","date_gmt":"2023-03-08T14:29:45","guid":{"rendered":"https:\/\/www.adaviac.cat\/?page_id=42"},"modified":"2023-07-28T19:00:03","modified_gmt":"2023-07-28T17:00:03","slug":"faq","status":"publish","type":"page","link":"https:\/\/www.adaviac.cat\/es\/faq\/","title":{"rendered":"FAQ"},"content":{"rendered":"<div data-elementor-type=\"wp-page\" data-elementor-id=\"42\" class=\"elementor elementor-42\">\n\t\t\t\t\t\t<section class=\"elementor-section elementor-top-section elementor-element elementor-element-1ebae589 elementor-section-boxed elementor-section-height-default elementor-section-height-default\" data-id=\"1ebae589\" data-element_type=\"section\" data-e-type=\"section\" data-settings=\"{&quot;background_background&quot;:&quot;classic&quot;}\">\n\t\t\t\t\t\t\t<div class=\"elementor-background-overlay\"><\/div>\n\t\t\t\t\t\t\t<div class=\"elementor-container elementor-column-gap-default\">\n\t\t\t\t\t<div class=\"elementor-column elementor-col-100 elementor-top-column elementor-element elementor-element-53a5310a\" data-id=\"53a5310a\" data-element_type=\"column\" data-e-type=\"column\">\n\t\t\t<div class=\"elementor-widget-wrap elementor-element-populated\">\n\t\t\t\t\t\t<section class=\"elementor-section elementor-inner-section elementor-element elementor-element-4b3f93c3 elementor-section-boxed elementor-section-height-default elementor-section-height-default\" data-id=\"4b3f93c3\" data-element_type=\"section\" data-e-type=\"section\">\n\t\t\t\t\t\t<div class=\"elementor-container elementor-column-gap-wider\">\n\t\t\t\t\t<div class=\"elementor-column elementor-col-50 elementor-inner-column elementor-element elementor-element-432e54aa\" data-id=\"432e54aa\" data-element_type=\"column\" data-e-type=\"column\">\n\t\t\t<div class=\"elementor-widget-wrap elementor-element-populated\">\n\t\t\t\t\t\t<div class=\"elementor-element elementor-element-4bb62024 elementor-invisible elementor-widget elementor-widget-heading\" data-id=\"4bb62024\" data-element_type=\"widget\" data-e-type=\"widget\" data-settings=\"{&quot;_animation&quot;:&quot;fadeIn&quot;,&quot;_animation_delay&quot;:100}\" data-widget_type=\"heading.default\">\n\t\t\t\t<div class=\"elementor-widget-container\">\n\t\t\t\t\t<h2 class=\"elementor-heading-title elementor-size-default\">FAQ'S<\/h2>\t\t\t\t<\/div>\n\t\t\t\t<\/div>\n\t\t\t\t\t<\/div>\n\t\t<\/div>\n\t\t\t\t<div class=\"elementor-column elementor-col-50 elementor-inner-column elementor-element elementor-element-1b2a5e66\" data-id=\"1b2a5e66\" data-element_type=\"column\" data-e-type=\"column\">\n\t\t\t<div class=\"elementor-widget-wrap\">\n\t\t\t\t\t\t\t<\/div>\n\t\t<\/div>\n\t\t\t\t\t<\/div>\n\t\t<\/section>\n\t\t\t\t\t<\/div>\n\t\t<\/div>\n\t\t\t\t\t<\/div>\n\t\t<\/section>\n\t\t\t\t<section class=\"elementor-section elementor-top-section elementor-element elementor-element-57a76444 elementor-section-boxed elementor-section-height-default elementor-section-height-default\" data-id=\"57a76444\" data-element_type=\"section\" data-e-type=\"section\" data-settings=\"{&quot;background_background&quot;:&quot;classic&quot;}\">\n\t\t\t\t\t\t\t<div class=\"elementor-background-overlay\"><\/div>\n\t\t\t\t\t\t\t<div class=\"elementor-container elementor-column-gap-default\">\n\t\t\t\t\t<div class=\"elementor-column elementor-col-100 elementor-top-column elementor-element elementor-element-454d805c\" data-id=\"454d805c\" data-element_type=\"column\" data-e-type=\"column\">\n\t\t\t<div class=\"elementor-widget-wrap elementor-element-populated\">\n\t\t\t\t\t\t<section class=\"elementor-section elementor-inner-section elementor-element elementor-element-2ed59d37 elementor-section-content-middle envato-kit-164-top-0 elementor-section-boxed elementor-section-height-default elementor-section-height-default\" data-id=\"2ed59d37\" data-element_type=\"section\" data-e-type=\"section\">\n\t\t\t\t\t\t<div class=\"elementor-container elementor-column-gap-wider\">\n\t\t\t\t\t<div class=\"elementor-column elementor-col-50 elementor-inner-column elementor-element elementor-element-2532154e\" data-id=\"2532154e\" data-element_type=\"column\" data-e-type=\"column\">\n\t\t\t<div class=\"elementor-widget-wrap elementor-element-populated\">\n\t\t\t\t\t\t<div class=\"elementor-element elementor-element-6fe9972d elementor-widget__width-initial elementor-invisible elementor-widget elementor-widget-image\" data-id=\"6fe9972d\" data-element_type=\"widget\" data-e-type=\"widget\" data-settings=\"{&quot;_animation&quot;:&quot;fadeIn&quot;,&quot;_animation_delay&quot;:100}\" data-widget_type=\"image.default\">\n\t\t\t\t<div class=\"elementor-widget-container\">\n\t\t\t\t\t\t\t\t\t\t\t\t\t\t\t<img decoding=\"async\" src=\"https:\/\/www.adaviac.cat\/wp-content\/uploads\/elementor\/thumbs\/ADAVIAC-Asociacion-de-Victimas-de-Accidentes-de-Catalunya-11-q39roo81t76lmzd20mw8nsq7o1tw8fqj700ck9qla8.jpeg\" title=\"ADAVIAC Asociacion de Victimas de Accidentes de Catalunya (11)\" alt=\"ADAVIAC Asociacion de Victimas de Accidentes de Catalunya (11)\" loading=\"lazy\" \/>\t\t\t\t\t\t\t\t\t\t\t\t\t\t\t<\/div>\n\t\t\t\t<\/div>\n\t\t\t\t<div class=\"elementor-element elementor-element-8d11268 elementor-widget elementor-widget-spacer\" data-id=\"8d11268\" data-element_type=\"widget\" data-e-type=\"widget\" data-widget_type=\"spacer.default\">\n\t\t\t\t<div class=\"elementor-widget-container\">\n\t\t\t\t\t\t\t<div class=\"elementor-spacer\">\n\t\t\t<div class=\"elementor-spacer-inner\"><\/div>\n\t\t<\/div>\n\t\t\t\t\t\t<\/div>\n\t\t\t\t<\/div>\n\t\t\t\t<div class=\"elementor-element elementor-element-b70a46c elementor-align-center elementor-widget elementor-widget-button\" data-id=\"b70a46c\" data-element_type=\"widget\" data-e-type=\"widget\" data-widget_type=\"button.default\">\n\t\t\t\t<div class=\"elementor-widget-container\">\n\t\t\t\t\t\t\t\t\t<div class=\"elementor-button-wrapper\">\n\t\t\t\t\t<a class=\"elementor-button elementor-button-link elementor-size-md elementor-animation-shrink\" href=\"https:\/\/www.adaviac.cat\/es\/llistat-advocats-adaviac\/\">\n\t\t\t\t\t\t<span class=\"elementor-button-content-wrapper\">\n\t\t\t\t\t\t<span class=\"elementor-button-icon\">\n\t\t\t\t<i aria-hidden=\"true\" class=\"fas fa-arrow-right\"><\/i>\t\t\t<\/span>\n\t\t\t\t\t\t\t\t\t<span class=\"elementor-button-text\">Llistat d'advocats d'ADAVIAC<\/span>\n\t\t\t\t\t<\/span>\n\t\t\t\t\t<\/a>\n\t\t\t\t<\/div>\n\t\t\t\t\t\t\t\t<\/div>\n\t\t\t\t<\/div>\n\t\t\t\t\t<\/div>\n\t\t<\/div>\n\t\t\t\t<div class=\"elementor-column elementor-col-50 elementor-inner-column elementor-element elementor-element-79274219\" data-id=\"79274219\" data-element_type=\"column\" data-e-type=\"column\">\n\t\t\t<div class=\"elementor-widget-wrap elementor-element-populated\">\n\t\t\t\t\t\t<div class=\"elementor-element elementor-element-45c3dbd8 elementor-invisible elementor-widget elementor-widget-heading\" data-id=\"45c3dbd8\" data-element_type=\"widget\" data-e-type=\"widget\" data-settings=\"{&quot;_animation&quot;:&quot;fadeIn&quot;,&quot;_animation_delay&quot;:150}\" data-widget_type=\"heading.default\">\n\t\t\t\t<div class=\"elementor-widget-container\">\n\t\t\t\t\t<h2 class=\"elementor-heading-title elementor-size-default\">LESIONES<\/h2>\t\t\t\t<\/div>\n\t\t\t\t<\/div>\n\t\t\t\t<div class=\"elementor-element elementor-element-a1e0a0b elementor-widget elementor-widget-accordion\" data-id=\"a1e0a0b\" data-element_type=\"widget\" data-e-type=\"widget\" data-widget_type=\"accordion.default\">\n\t\t\t\t<div class=\"elementor-widget-container\">\n\t\t\t\t\t\t\t<div class=\"elementor-accordion\">\n\t\t\t\t\t\t\t<div class=\"elementor-accordion-item\">\n\t\t\t\t\t<div id=\"elementor-tab-title-1691\" class=\"elementor-tab-title\" data-tab=\"1\" role=\"button\" aria-controls=\"elementor-tab-content-1691\" aria-expanded=\"false\">\n\t\t\t\t\t\t\t\t\t\t\t\t\t<span class=\"elementor-accordion-icon elementor-accordion-icon-left\" aria-hidden=\"true\">\n\t\t\t\t\t\t\t\t\t\t\t\t\t\t\t<span class=\"elementor-accordion-icon-closed\"><i class=\"fas fa-plus\"><\/i><\/span>\n\t\t\t\t\t\t\t\t<span class=\"elementor-accordion-icon-opened\"><i class=\"fas fa-minus\"><\/i><\/span>\n\t\t\t\t\t\t\t\t\t\t\t\t\t\t<\/span>\n\t\t\t\t\t\t\t\t\t\t\t\t<a class=\"elementor-accordion-title\" tabindex=\"0\">SI HE SUFRIDO LESIONES EN UN ACCIDENTE DE TR\u00c1FICO, \u00bfTENGO UN PLAZO M\u00c1XIMO PARA IR AL M\u00c9DICO?<\/a>\n\t\t\t\t\t<\/div>\n\t\t\t\t\t<div id=\"elementor-tab-content-1691\" class=\"elementor-tab-content elementor-clearfix\" data-tab=\"1\" role=\"region\" aria-labelledby=\"elementor-tab-title-1691\"><p>En caso de haber sufrido cualquier lesi\u00f3n, debe acudirse a un centro m\u00e9dico, tan pronto como sea posible.<\/p><p>En caso de lesiones relacionadas con la columna vertebral (cervical, dorsal, lumbar, etc.), es especialmente\u00a0<strong>importante acudir al centro m\u00e9dico dentro de las 72h<\/strong> <strong>siguientes al accidente,<\/strong>si bien, siempre que exista una explicaci\u00f3n m\u00e9dica que justifique la tardanza en la intervenci\u00f3n m\u00e9dica podr\u00e1 acreditarse la relaci\u00f3n de causalidad con el accidente.<strong>Las compa\u00f1\u00edas aseguradoras pondr\u00e1n impedimentos tanto para realizar el tratamiento como para la indemnizaci\u00f3n de la lesi\u00f3n si se sobrepasa este l\u00edmite temporal.<\/strong><\/p><\/div>\n\t\t\t\t<\/div>\n\t\t\t\t\t\t\t<div class=\"elementor-accordion-item\">\n\t\t\t\t\t<div id=\"elementor-tab-title-1692\" class=\"elementor-tab-title\" data-tab=\"2\" role=\"button\" aria-controls=\"elementor-tab-content-1692\" aria-expanded=\"false\">\n\t\t\t\t\t\t\t\t\t\t\t\t\t<span class=\"elementor-accordion-icon elementor-accordion-icon-left\" aria-hidden=\"true\">\n\t\t\t\t\t\t\t\t\t\t\t\t\t\t\t<span class=\"elementor-accordion-icon-closed\"><i class=\"fas fa-plus\"><\/i><\/span>\n\t\t\t\t\t\t\t\t<span class=\"elementor-accordion-icon-opened\"><i class=\"fas fa-minus\"><\/i><\/span>\n\t\t\t\t\t\t\t\t\t\t\t\t\t\t<\/span>\n\t\t\t\t\t\t\t\t\t\t\t\t<a class=\"elementor-accordion-title\" tabindex=\"0\">PARA RECLAMAR UNA INDEMNIZACI\u00d3N POR ACCIDENTE DE TR\u00c1FICO, \u00bfHAY ALG\u00daN PLAZO?<\/a>\n\t\t\t\t\t<\/div>\n\t\t\t\t\t<div id=\"elementor-tab-content-1692\" class=\"elementor-tab-content elementor-clearfix\" data-tab=\"2\" role=\"region\" aria-labelledby=\"elementor-tab-title-1692\"><p>El plazo m\u00e1ximo para presentar la reclamaci\u00f3n de\u00a0<strong>la indemnizaci\u00f3n es de 1 a\u00f1o,<\/strong>a contar desde la fecha en que se ha producido el accidente o desde la estabilizaci\u00f3n o curaci\u00f3n de las lesiones.<\/p><p>Esto significa que, en caso de que el accidente haya provocado la muerte de la v\u00edctima, los familiares disponen de un a\u00f1o desde ese mismo d\u00eda para reclamar, mientras que, si se han producido lesiones,\u00a0<strong>este plazo comienza a contar desde del momento en que se prescribe el alta m\u00e9dica<\/strong>\u00a0con o sin secuelas (estabilizaci\u00f3n de las lesiones).<\/p><\/div>\n\t\t\t\t<\/div>\n\t\t\t\t\t\t\t<div class=\"elementor-accordion-item\">\n\t\t\t\t\t<div id=\"elementor-tab-title-1693\" class=\"elementor-tab-title\" data-tab=\"3\" role=\"button\" aria-controls=\"elementor-tab-content-1693\" aria-expanded=\"false\">\n\t\t\t\t\t\t\t\t\t\t\t\t\t<span class=\"elementor-accordion-icon elementor-accordion-icon-left\" aria-hidden=\"true\">\n\t\t\t\t\t\t\t\t\t\t\t\t\t\t\t<span class=\"elementor-accordion-icon-closed\"><i class=\"fas fa-plus\"><\/i><\/span>\n\t\t\t\t\t\t\t\t<span class=\"elementor-accordion-icon-opened\"><i class=\"fas fa-minus\"><\/i><\/span>\n\t\t\t\t\t\t\t\t\t\t\t\t\t\t<\/span>\n\t\t\t\t\t\t\t\t\t\t\t\t<a class=\"elementor-accordion-title\" tabindex=\"0\">\u00bfCU\u00c1NTO TIEMPO SE TARDA EN COBRAR LA INDEMNIZACI\u00d3N POR ACCIDENTE DE TR\u00c1FICO?<\/a>\n\t\t\t\t\t<\/div>\n\t\t\t\t\t<div id=\"elementor-tab-content-1693\" class=\"elementor-tab-content elementor-clearfix\" data-tab=\"3\" role=\"region\" aria-labelledby=\"elementor-tab-title-1693\"><p>Depender\u00e1 de varios factores, pero es evidente que hasta que no se haya terminado el proceso de curaci\u00f3n no se puede cuantificar la indemnizaci\u00f3n. Sin embargo, <strong>las aseguradoras tienen un plazo de 3 meses, establecido legalmente, para efectuar una Oferta o Respuesta Motivada a contar desde el momento en que se realice la reclamaci\u00f3n.<\/strong>\u00a0Debemos tener en cuenta que muchas veces este plazo es incumplido de forma reiterada. Tienes derecho a poner una queja en la Direcci\u00f3n General de Seguros en los casos de incumplimiento de los plazos para pagar parte de los seguros responsables del siniestro.<\/p><\/div>\n\t\t\t\t<\/div>\n\t\t\t\t\t\t\t<div class=\"elementor-accordion-item\">\n\t\t\t\t\t<div id=\"elementor-tab-title-1694\" class=\"elementor-tab-title\" data-tab=\"4\" role=\"button\" aria-controls=\"elementor-tab-content-1694\" aria-expanded=\"false\">\n\t\t\t\t\t\t\t\t\t\t\t\t\t<span class=\"elementor-accordion-icon elementor-accordion-icon-left\" aria-hidden=\"true\">\n\t\t\t\t\t\t\t\t\t\t\t\t\t\t\t<span class=\"elementor-accordion-icon-closed\"><i class=\"fas fa-plus\"><\/i><\/span>\n\t\t\t\t\t\t\t\t<span class=\"elementor-accordion-icon-opened\"><i class=\"fas fa-minus\"><\/i><\/span>\n\t\t\t\t\t\t\t\t\t\t\t\t\t\t<\/span>\n\t\t\t\t\t\t\t\t\t\t\t\t<a class=\"elementor-accordion-title\" tabindex=\"0\"> ESTOY OBLIGADO A ACEPTAR EL ABOGADOS QUE HEMOS DESIGNE MI ASEGURADORA O PUEDO ESCOGER EL ABOGADO QUE QUIERA<\/a>\n\t\t\t\t\t<\/div>\n\t\t\t\t\t<div id=\"elementor-tab-content-1694\" class=\"elementor-tab-content elementor-clearfix\" data-tab=\"4\" role=\"region\" aria-labelledby=\"elementor-tab-title-1694\"><p><strong>Puedes elegir en cualquier momento el abogado que desees,<\/strong> sin quedar obligado a lo que te pone la compa\u00f1\u00eda aseguradora. Adem\u00e1s, revisando la cobertura de defensa jur\u00eddica de tu p\u00f3liza, puedes recuperar parte de los honorarios del abogado particular a cargo de la aseguradora.<\/p><\/div>\n\t\t\t\t<\/div>\n\t\t\t\t\t\t\t<div class=\"elementor-accordion-item\">\n\t\t\t\t\t<div id=\"elementor-tab-title-1695\" class=\"elementor-tab-title\" data-tab=\"5\" role=\"button\" aria-controls=\"elementor-tab-content-1695\" aria-expanded=\"false\">\n\t\t\t\t\t\t\t\t\t\t\t\t\t<span class=\"elementor-accordion-icon elementor-accordion-icon-left\" aria-hidden=\"true\">\n\t\t\t\t\t\t\t\t\t\t\t\t\t\t\t<span class=\"elementor-accordion-icon-closed\"><i class=\"fas fa-plus\"><\/i><\/span>\n\t\t\t\t\t\t\t\t<span class=\"elementor-accordion-icon-opened\"><i class=\"fas fa-minus\"><\/i><\/span>\n\t\t\t\t\t\t\t\t\t\t\t\t\t\t<\/span>\n\t\t\t\t\t\t\t\t\t\t\t\t<a class=\"elementor-accordion-title\" tabindex=\"0\">\u00bfEN QU\u00c9 CONSISTE LA INDEMNIZACI\u00d3N POR DA\u00d1OS Y PERJUDICIOS?<\/a>\n\t\t\t\t\t<\/div>\n\t\t\t\t\t<div id=\"elementor-tab-content-1695\" class=\"elementor-tab-content elementor-clearfix\" data-tab=\"5\" role=\"region\" aria-labelledby=\"elementor-tab-title-1695\"><p><strong>Quien ha sufrido un accidente, sin tener la culpa exclusiva, tiene derecho a reclamar una indemnizaci\u00f3n por da\u00f1os personales<\/strong> (mort, lesions i seq\u00fceles). A banda dels danys morals inherents a aquests danys personals, tamb\u00e9 es poden reclamar els guanys (ingressos nets laborals) deixats d&#8217;obtenir com a conseq\u00fc\u00e8ncia de l&#8217;accident, i les despeses m\u00e8diques, de despla\u00e7ament a tractaments o de la persona que s&#8217;hagi hagut de contractar per tenir cura de la v\u00edctima durant el per\u00edode de curaci\u00f3, entre altres conceptes.<\/p><p>En el cas de lesions greus, el que \u00e9s recomanable es comptar amb l\u2019ajuda d\u2019un equip de professionals especialitzats en la mat\u00e8ria. <strong>En ADAVIAC lo encontrar\u00e1s.<\/strong><\/p><\/div>\n\t\t\t\t<\/div>\n\t\t\t\t\t\t\t\t<\/div>\n\t\t\t\t\t\t<\/div>\n\t\t\t\t<\/div>\n\t\t\t\t\t<\/div>\n\t\t<\/div>\n\t\t\t\t\t<\/div>\n\t\t<\/section>\n\t\t\t\t\t<\/div>\n\t\t<\/div>\n\t\t\t\t\t<\/div>\n\t\t<\/section>\n\t\t\t\t<section class=\"elementor-section elementor-top-section elementor-element elementor-element-6f509b72 elementor-section-boxed elementor-section-height-default elementor-section-height-default\" data-id=\"6f509b72\" data-element_type=\"section\" data-e-type=\"section\" data-settings=\"{&quot;background_background&quot;:&quot;classic&quot;}\">\n\t\t\t\t\t\t\t<div class=\"elementor-background-overlay\"><\/div>\n\t\t\t\t\t\t\t<div class=\"elementor-container elementor-column-gap-default\">\n\t\t\t\t\t<div class=\"elementor-column elementor-col-100 elementor-top-column elementor-element elementor-element-1db0c4ea\" data-id=\"1db0c4ea\" data-element_type=\"column\" data-e-type=\"column\">\n\t\t\t<div class=\"elementor-widget-wrap elementor-element-populated\">\n\t\t\t\t\t\t<section class=\"elementor-section elementor-inner-section elementor-element elementor-element-de5d667 elementor-section-content-middle envato-kit-164-top-0 elementor-reverse-mobile elementor-section-boxed elementor-section-height-default elementor-section-height-default\" data-id=\"de5d667\" data-element_type=\"section\" data-e-type=\"section\">\n\t\t\t\t\t\t<div class=\"elementor-container elementor-column-gap-wider\">\n\t\t\t\t\t<div class=\"elementor-column elementor-col-50 elementor-inner-column elementor-element elementor-element-355cf80d\" data-id=\"355cf80d\" data-element_type=\"column\" data-e-type=\"column\">\n\t\t\t<div class=\"elementor-widget-wrap elementor-element-populated\">\n\t\t\t\t\t\t<div class=\"elementor-element elementor-element-2b3460f elementor-invisible elementor-widget elementor-widget-heading\" data-id=\"2b3460f\" data-element_type=\"widget\" data-e-type=\"widget\" data-settings=\"{&quot;_animation&quot;:&quot;fadeIn&quot;,&quot;_animation_delay&quot;:150}\" data-widget_type=\"heading.default\">\n\t\t\t\t<div class=\"elementor-widget-container\">\n\t\t\t\t\t<h2 class=\"elementor-heading-title elementor-size-default\">TR\u00c1MITES CON LA COMPA\u00d1\u00cdA<\/h2>\t\t\t\t<\/div>\n\t\t\t\t<\/div>\n\t\t\t\t<div class=\"elementor-element elementor-element-a8a5b5d elementor-widget elementor-widget-accordion\" data-id=\"a8a5b5d\" data-element_type=\"widget\" data-e-type=\"widget\" data-widget_type=\"accordion.default\">\n\t\t\t\t<div class=\"elementor-widget-container\">\n\t\t\t\t\t\t\t<div class=\"elementor-accordion\">\n\t\t\t\t\t\t\t<div class=\"elementor-accordion-item\">\n\t\t\t\t\t<div id=\"elementor-tab-title-1761\" class=\"elementor-tab-title\" data-tab=\"1\" role=\"button\" aria-controls=\"elementor-tab-content-1761\" aria-expanded=\"false\">\n\t\t\t\t\t\t\t\t\t\t\t\t\t<span class=\"elementor-accordion-icon elementor-accordion-icon-left\" aria-hidden=\"true\">\n\t\t\t\t\t\t\t\t\t\t\t\t\t\t\t<span class=\"elementor-accordion-icon-closed\"><i class=\"fas fa-plus\"><\/i><\/span>\n\t\t\t\t\t\t\t\t<span class=\"elementor-accordion-icon-opened\"><i class=\"fas fa-minus\"><\/i><\/span>\n\t\t\t\t\t\t\t\t\t\t\t\t\t\t<\/span>\n\t\t\t\t\t\t\t\t\t\t\t\t<a class=\"elementor-accordion-title\" tabindex=\"0\">\u00bfSI HE SUFRIDO UN ACCIDENTE TENGO DERECHO A ESCOGER EL CENTRO M\u00c9DICO QUE ME ATIENDA O ESTOY OBLIGADO A HACER LA REHABILITACI\u00d3N EN EL CENTRO QUE DECIDA LA COMPA\u00d1\u00cdA DE SEGUROS?<\/a>\n\t\t\t\t\t<\/div>\n\t\t\t\t\t<div id=\"elementor-tab-content-1761\" class=\"elementor-tab-content elementor-clearfix\" data-tab=\"1\" role=\"region\" aria-labelledby=\"elementor-tab-title-1761\"><p>No es necesario conformarse con lo que diga la compa\u00f1\u00eda. Puedes ir al centro que prefieras, sea por recomendaci\u00f3n o confianza, si bien en determinados casos puede ser necesario avanzar los costes que se deriven para su posterior reclamaci\u00f3n.<\/p><p>Los abogados de ADAVIAC te conseguiremos el centro m\u00e9dico y de rehabilitaci\u00f3n que m\u00e1s se adapte a tu situaci\u00f3n, sin tener que avanzar su coste (en la mayor\u00eda de los supuestos, y teniendo en cuenta la diversidad de situaciones).<\/p><\/div>\n\t\t\t\t<\/div>\n\t\t\t\t\t\t\t<div class=\"elementor-accordion-item\">\n\t\t\t\t\t<div id=\"elementor-tab-title-1762\" class=\"elementor-tab-title\" data-tab=\"2\" role=\"button\" aria-controls=\"elementor-tab-content-1762\" aria-expanded=\"false\">\n\t\t\t\t\t\t\t\t\t\t\t\t\t<span class=\"elementor-accordion-icon elementor-accordion-icon-left\" aria-hidden=\"true\">\n\t\t\t\t\t\t\t\t\t\t\t\t\t\t\t<span class=\"elementor-accordion-icon-closed\"><i class=\"fas fa-plus\"><\/i><\/span>\n\t\t\t\t\t\t\t\t<span class=\"elementor-accordion-icon-opened\"><i class=\"fas fa-minus\"><\/i><\/span>\n\t\t\t\t\t\t\t\t\t\t\t\t\t\t<\/span>\n\t\t\t\t\t\t\t\t\t\t\t\t<a class=\"elementor-accordion-title\" tabindex=\"0\"> \u00bfESTOY OBLIGADO A DEJARME VISITAR POR PARTE DE LOS SERVICIOS PERICIALES O M\u00c9DICOS QUE LA COMPA\u00d1\u00cdA CONTRARIA HA CONTRATADO PARA VALORAR MI SITUACI\u00d3N?<\/a>\n\t\t\t\t\t<\/div>\n\t\t\t\t\t<div id=\"elementor-tab-content-1762\" class=\"elementor-tab-content elementor-clearfix\" data-tab=\"2\" role=\"region\" aria-labelledby=\"elementor-tab-title-1762\"><p>Actualmente la ley establece la obligaci\u00f3n de la v\u00edctima de dejarse visitar por los servicios periciales de la aseguradora. La negativa a someterse puede acarrear perjuicios innecesarios. Consulta con tu abogado especializado en qu\u00e9 casos excepcionales se recomienda esta opci\u00f3n.<\/p><\/div>\n\t\t\t\t<\/div>\n\t\t\t\t\t\t\t<div class=\"elementor-accordion-item\">\n\t\t\t\t\t<div id=\"elementor-tab-title-1763\" class=\"elementor-tab-title\" data-tab=\"3\" role=\"button\" aria-controls=\"elementor-tab-content-1763\" aria-expanded=\"false\">\n\t\t\t\t\t\t\t\t\t\t\t\t\t<span class=\"elementor-accordion-icon elementor-accordion-icon-left\" aria-hidden=\"true\">\n\t\t\t\t\t\t\t\t\t\t\t\t\t\t\t<span class=\"elementor-accordion-icon-closed\"><i class=\"fas fa-plus\"><\/i><\/span>\n\t\t\t\t\t\t\t\t<span class=\"elementor-accordion-icon-opened\"><i class=\"fas fa-minus\"><\/i><\/span>\n\t\t\t\t\t\t\t\t\t\t\t\t\t\t<\/span>\n\t\t\t\t\t\t\t\t\t\t\t\t<a class=\"elementor-accordion-title\" tabindex=\"0\">SI MI COMPA\u00d1\u00cdA NO QUIERE RECLAMAR EN NOMBRE MI PORQUE ME CONSIDERA RESPONSABLE DEL ACCIDENTE, \u00bfQU\u00c9 PUEDO HACER?<\/a>\n\t\t\t\t\t<\/div>\n\t\t\t\t\t<div id=\"elementor-tab-content-1763\" class=\"elementor-tab-content elementor-clearfix\" data-tab=\"3\" role=\"region\" aria-labelledby=\"elementor-tab-title-1763\"><p>En estos casos siempre deber\u00e1 contratar a un abogado particular que deber\u00e1 realizar una valoraci\u00f3n de las posibilidades de defensa y tramitar esta reclamaci\u00f3n. Habr\u00e1 que tener en cuenta que realmente sea posible conseguir una indemnizaci\u00f3n, valorando la viabilidad del caso y los riesgos, pues en caso de judicializarse el caso y perderlo, se podr\u00edan imponer las costas del proceso (gastos de abogado, procurador y peritos de la parte contraria) y tu compa\u00f1\u00eda no querr\u00e1 hacerse cargo de nada si consideraba que la reclamaci\u00f3n era inviable. Los abogados de ADAVIAC son especialistas, estudiar\u00e1n tu caso sin compromiso.<\/p><\/div>\n\t\t\t\t<\/div>\n\t\t\t\t\t\t\t<div class=\"elementor-accordion-item\">\n\t\t\t\t\t<div id=\"elementor-tab-title-1764\" class=\"elementor-tab-title\" data-tab=\"4\" role=\"button\" aria-controls=\"elementor-tab-content-1764\" aria-expanded=\"false\">\n\t\t\t\t\t\t\t\t\t\t\t\t\t<span class=\"elementor-accordion-icon elementor-accordion-icon-left\" aria-hidden=\"true\">\n\t\t\t\t\t\t\t\t\t\t\t\t\t\t\t<span class=\"elementor-accordion-icon-closed\"><i class=\"fas fa-plus\"><\/i><\/span>\n\t\t\t\t\t\t\t\t<span class=\"elementor-accordion-icon-opened\"><i class=\"fas fa-minus\"><\/i><\/span>\n\t\t\t\t\t\t\t\t\t\t\t\t\t\t<\/span>\n\t\t\t\t\t\t\t\t\t\t\t\t<a class=\"elementor-accordion-title\" tabindex=\"0\">\u00bfQU\u00c9 DEBEMOS HACER EN EL CASO QUE LOS DOS VEH\u00cdCULOS IMPLICADOS AL ACCIDENTE TENGAN LA MISMA COMPA\u00d1\u00cdA DE SEGUROS?<\/a>\n\t\t\t\t\t<\/div>\n\t\t\t\t\t<div id=\"elementor-tab-content-1764\" class=\"elementor-tab-content elementor-clearfix\" data-tab=\"4\" role=\"region\" aria-labelledby=\"elementor-tab-title-1764\"><p>De hecho, al darse un claro conflicto de intereses, tu propia compa\u00f1\u00eda tiene la obligaci\u00f3n de informarte de tu derecho a designar a un abogado de tu confianza.<\/p><p>Es evidente la incompatibilidad de tu compa\u00f1\u00eda para defender tus intereses al ser quien tendr\u00e1 que pagar la indemnizaci\u00f3n, ya que tambi\u00e9n es la compa\u00f1\u00eda contraria, y est\u00e1 m\u00e1s indicado que nunca contratar a un abogado externo. En ADAVIAC encontrar\u00e1s a tu especialista.<\/p><\/div>\n\t\t\t\t<\/div>\n\t\t\t\t\t\t\t\t<\/div>\n\t\t\t\t\t\t<\/div>\n\t\t\t\t<\/div>\n\t\t\t\t\t<\/div>\n\t\t<\/div>\n\t\t\t\t<div class=\"elementor-column elementor-col-50 elementor-inner-column elementor-element elementor-element-66d460f9\" data-id=\"66d460f9\" data-element_type=\"column\" data-e-type=\"column\">\n\t\t\t<div class=\"elementor-widget-wrap elementor-element-populated\">\n\t\t\t\t\t\t<div class=\"elementor-element elementor-element-50aaef57 elementor-widget__width-initial elementor-invisible elementor-widget elementor-widget-image\" data-id=\"50aaef57\" data-element_type=\"widget\" data-e-type=\"widget\" data-settings=\"{&quot;_animation&quot;:&quot;fadeIn&quot;,&quot;_animation_delay&quot;:100}\" data-widget_type=\"image.default\">\n\t\t\t\t<div class=\"elementor-widget-container\">\n\t\t\t\t\t\t\t\t\t\t\t\t\t\t\t<img decoding=\"async\" src=\"https:\/\/www.adaviac.cat\/wp-content\/uploads\/elementor\/thumbs\/beautiful-blond-close-up-879143-q3gkr6bqziivym6nsplydyxatiu4j1gmic2966ixc0.jpg\" title=\"beautiful-blond-close-up-879143.jpg\" alt=\"beautiful-blond-close-up-879143.jpg\" loading=\"lazy\" \/>\t\t\t\t\t\t\t\t\t\t\t\t\t\t\t<\/div>\n\t\t\t\t<\/div>\n\t\t\t\t<div class=\"elementor-element elementor-element-fcb313c elementor-widget elementor-widget-spacer\" data-id=\"fcb313c\" data-element_type=\"widget\" data-e-type=\"widget\" data-widget_type=\"spacer.default\">\n\t\t\t\t<div class=\"elementor-widget-container\">\n\t\t\t\t\t\t\t<div class=\"elementor-spacer\">\n\t\t\t<div class=\"elementor-spacer-inner\"><\/div>\n\t\t<\/div>\n\t\t\t\t\t\t<\/div>\n\t\t\t\t<\/div>\n\t\t\t\t<div class=\"elementor-element elementor-element-f95b54a elementor-align-center elementor-widget elementor-widget-button\" data-id=\"f95b54a\" data-element_type=\"widget\" data-e-type=\"widget\" data-widget_type=\"button.default\">\n\t\t\t\t<div class=\"elementor-widget-container\">\n\t\t\t\t\t\t\t\t\t<div class=\"elementor-button-wrapper\">\n\t\t\t\t\t<a class=\"elementor-button elementor-button-link elementor-size-md elementor-animation-shrink\" href=\"https:\/\/www.adaviac.cat\/es\/llistat-advocats-adaviac\/\">\n\t\t\t\t\t\t<span class=\"elementor-button-content-wrapper\">\n\t\t\t\t\t\t<span class=\"elementor-button-icon\">\n\t\t\t\t<i aria-hidden=\"true\" class=\"fas fa-arrow-right\"><\/i>\t\t\t<\/span>\n\t\t\t\t\t\t\t\t\t<span class=\"elementor-button-text\">Quiero m\u00e1s informaci\u00f3n<\/span>\n\t\t\t\t\t<\/span>\n\t\t\t\t\t<\/a>\n\t\t\t\t<\/div>\n\t\t\t\t\t\t\t\t<\/div>\n\t\t\t\t<\/div>\n\t\t\t\t\t<\/div>\n\t\t<\/div>\n\t\t\t\t\t<\/div>\n\t\t<\/section>\n\t\t\t\t\t<\/div>\n\t\t<\/div>\n\t\t\t\t\t<\/div>\n\t\t<\/section>\n\t\t\t\t<section class=\"elementor-section elementor-top-section elementor-element elementor-element-5beefd54 elementor-section-boxed elementor-section-height-default elementor-section-height-default\" data-id=\"5beefd54\" data-element_type=\"section\" data-e-type=\"section\" data-settings=\"{&quot;background_background&quot;:&quot;classic&quot;}\">\n\t\t\t\t\t\t\t<div class=\"elementor-background-overlay\"><\/div>\n\t\t\t\t\t\t\t<div class=\"elementor-container elementor-column-gap-default\">\n\t\t\t\t\t<div class=\"elementor-column elementor-col-100 elementor-top-column elementor-element elementor-element-462f0726\" data-id=\"462f0726\" data-element_type=\"column\" data-e-type=\"column\">\n\t\t\t<div class=\"elementor-widget-wrap elementor-element-populated\">\n\t\t\t\t\t\t<section class=\"elementor-section elementor-inner-section elementor-element elementor-element-72d9e2c7 elementor-section-content-middle envato-kit-164-top-0 elementor-section-boxed elementor-section-height-default elementor-section-height-default\" data-id=\"72d9e2c7\" data-element_type=\"section\" data-e-type=\"section\">\n\t\t\t\t\t\t<div class=\"elementor-container elementor-column-gap-wider\">\n\t\t\t\t\t<div class=\"elementor-column elementor-col-50 elementor-inner-column elementor-element elementor-element-59e3efb1\" data-id=\"59e3efb1\" data-element_type=\"column\" data-e-type=\"column\">\n\t\t\t<div class=\"elementor-widget-wrap elementor-element-populated\">\n\t\t\t\t\t\t<div class=\"elementor-element elementor-element-2cc152d elementor-widget elementor-widget-spacer\" data-id=\"2cc152d\" data-element_type=\"widget\" data-e-type=\"widget\" data-widget_type=\"spacer.default\">\n\t\t\t\t<div class=\"elementor-widget-container\">\n\t\t\t\t\t\t\t<div class=\"elementor-spacer\">\n\t\t\t<div class=\"elementor-spacer-inner\"><\/div>\n\t\t<\/div>\n\t\t\t\t\t\t<\/div>\n\t\t\t\t<\/div>\n\t\t\t\t<div class=\"elementor-element elementor-element-ef6b6d1 elementor-widget__width-initial elementor-invisible elementor-widget elementor-widget-image\" data-id=\"ef6b6d1\" data-element_type=\"widget\" data-e-type=\"widget\" data-settings=\"{&quot;_animation&quot;:&quot;fadeIn&quot;,&quot;_animation_delay&quot;:100}\" data-widget_type=\"image.default\">\n\t\t\t\t<div class=\"elementor-widget-container\">\n\t\t\t\t\t\t\t\t\t\t\t\t\t\t\t<img decoding=\"async\" src=\"https:\/\/www.adaviac.cat\/wp-content\/uploads\/elementor\/thumbs\/ADAVIAC-Asociacion-de-Victimas-de-Accidentes-de-Catalunya-14-q39rotv2y7ebkn4v3pc02raz8d23imcx7rx9fxi88w.jpeg\" title=\"ADAVIAC Asociacion de Victimas de Accidentes de Catalunya (14)\" alt=\"ADAVIAC Asociacion de Victimas de Accidentes de Catalunya (14)\" loading=\"lazy\" \/>\t\t\t\t\t\t\t\t\t\t\t\t\t\t\t<\/div>\n\t\t\t\t<\/div>\n\t\t\t\t<div class=\"elementor-element elementor-element-d8c5b90 elementor-widget elementor-widget-spacer\" data-id=\"d8c5b90\" data-element_type=\"widget\" data-e-type=\"widget\" data-widget_type=\"spacer.default\">\n\t\t\t\t<div class=\"elementor-widget-container\">\n\t\t\t\t\t\t\t<div class=\"elementor-spacer\">\n\t\t\t<div class=\"elementor-spacer-inner\"><\/div>\n\t\t<\/div>\n\t\t\t\t\t\t<\/div>\n\t\t\t\t<\/div>\n\t\t\t\t<div class=\"elementor-element elementor-element-5694237 elementor-align-center elementor-widget elementor-widget-button\" data-id=\"5694237\" data-element_type=\"widget\" data-e-type=\"widget\" data-widget_type=\"button.default\">\n\t\t\t\t<div class=\"elementor-widget-container\">\n\t\t\t\t\t\t\t\t\t<div class=\"elementor-button-wrapper\">\n\t\t\t\t\t<a class=\"elementor-button elementor-button-link elementor-size-md elementor-animation-shrink\" href=\"https:\/\/www.adaviac.cat\/es\/llistat-advocats-adaviac\/\">\n\t\t\t\t\t\t<span class=\"elementor-button-content-wrapper\">\n\t\t\t\t\t\t<span class=\"elementor-button-icon\">\n\t\t\t\t<i aria-hidden=\"true\" class=\"fas fa-arrow-right\"><\/i>\t\t\t<\/span>\n\t\t\t\t\t\t\t\t\t<span class=\"elementor-button-text\">Quiero contactar con un abogado<\/span>\n\t\t\t\t\t<\/span>\n\t\t\t\t\t<\/a>\n\t\t\t\t<\/div>\n\t\t\t\t\t\t\t\t<\/div>\n\t\t\t\t<\/div>\n\t\t\t\t\t<\/div>\n\t\t<\/div>\n\t\t\t\t<div class=\"elementor-column elementor-col-50 elementor-inner-column elementor-element elementor-element-24e4f156\" data-id=\"24e4f156\" data-element_type=\"column\" data-e-type=\"column\">\n\t\t\t<div class=\"elementor-widget-wrap elementor-element-populated\">\n\t\t\t\t\t\t<div class=\"elementor-element elementor-element-a5e7141 elementor-invisible elementor-widget elementor-widget-heading\" data-id=\"a5e7141\" data-element_type=\"widget\" data-e-type=\"widget\" data-settings=\"{&quot;_animation&quot;:&quot;fadeIn&quot;,&quot;_animation_delay&quot;:150}\" data-widget_type=\"heading.default\">\n\t\t\t\t<div class=\"elementor-widget-container\">\n\t\t\t\t\t<h2 class=\"elementor-heading-title elementor-size-default\">Y SI EL CONDUCTOR DEL VEH\u00cdCULO RESPONSABLE DEL ACCIDENTE...<\/h2>\t\t\t\t<\/div>\n\t\t\t\t<\/div>\n\t\t\t\t<div class=\"elementor-element elementor-element-5472c02 elementor-widget elementor-widget-accordion\" data-id=\"5472c02\" data-element_type=\"widget\" data-e-type=\"widget\" data-widget_type=\"accordion.default\">\n\t\t\t\t<div class=\"elementor-widget-container\">\n\t\t\t\t\t\t\t<div class=\"elementor-accordion\">\n\t\t\t\t\t\t\t<div class=\"elementor-accordion-item\">\n\t\t\t\t\t<div id=\"elementor-tab-title-8851\" class=\"elementor-tab-title\" data-tab=\"1\" role=\"button\" aria-controls=\"elementor-tab-content-8851\" aria-expanded=\"false\">\n\t\t\t\t\t\t\t\t\t\t\t\t\t<span class=\"elementor-accordion-icon elementor-accordion-icon-left\" aria-hidden=\"true\">\n\t\t\t\t\t\t\t\t\t\t\t\t\t\t\t<span class=\"elementor-accordion-icon-closed\"><i class=\"fas fa-plus\"><\/i><\/span>\n\t\t\t\t\t\t\t\t<span class=\"elementor-accordion-icon-opened\"><i class=\"fas fa-minus\"><\/i><\/span>\n\t\t\t\t\t\t\t\t\t\t\t\t\t\t<\/span>\n\t\t\t\t\t\t\t\t\t\t\t\t<a class=\"elementor-accordion-title\" tabindex=\"0\">\u00bfQU\u00c9 PASA SI EL CONDUCTOR DEL VEHICULO RESPONSABLE DEL ACCIDENTE DI\u00d3 POSITIVO EN ALCOHOLEMIA O TEST DE DROGAS?<\/a>\n\t\t\t\t\t<\/div>\n\t\t\t\t\t<div id=\"elementor-tab-content-8851\" class=\"elementor-tab-content elementor-clearfix\" data-tab=\"1\" role=\"region\" aria-labelledby=\"elementor-tab-title-8851\"><p>En estos casos, dependiendo de la tasa habr\u00e1 un proceso penal por un delito contra la seguridad del tr\u00e1fico, pero la tramitaci\u00f3n de tu indemnizaci\u00f3n debe seguir el mismo curso que cualquier otro accidente, y la compa\u00f1\u00eda contraria tendr\u00e1 que pagarte igualmente, sin perjuicio de la posibilidad de poder repetir lo que haya pagado a su propio asegurado.<\/p><\/div>\n\t\t\t\t<\/div>\n\t\t\t\t\t\t\t<div class=\"elementor-accordion-item\">\n\t\t\t\t\t<div id=\"elementor-tab-title-8852\" class=\"elementor-tab-title\" data-tab=\"2\" role=\"button\" aria-controls=\"elementor-tab-content-8852\" aria-expanded=\"false\">\n\t\t\t\t\t\t\t\t\t\t\t\t\t<span class=\"elementor-accordion-icon elementor-accordion-icon-left\" aria-hidden=\"true\">\n\t\t\t\t\t\t\t\t\t\t\t\t\t\t\t<span class=\"elementor-accordion-icon-closed\"><i class=\"fas fa-plus\"><\/i><\/span>\n\t\t\t\t\t\t\t\t<span class=\"elementor-accordion-icon-opened\"><i class=\"fas fa-minus\"><\/i><\/span>\n\t\t\t\t\t\t\t\t\t\t\t\t\t\t<\/span>\n\t\t\t\t\t\t\t\t\t\t\t\t<a class=\"elementor-accordion-title\" tabindex=\"0\">\u00bfY SI EL CONDUCTOR DEL VEHICULO CULPABLE NO TEN\u00cdA SEGURO OBLIGATORIO EN VIGOR?<\/a>\n\t\t\t\t\t<\/div>\n\t\t\t\t\t<div id=\"elementor-tab-content-8852\" class=\"elementor-tab-content elementor-clearfix\" data-tab=\"2\" role=\"region\" aria-labelledby=\"elementor-tab-title-8852\"><p>En este caso tampoco debes preocuparte pues la indemnizaci\u00f3n te ser\u00e1 satisfecha por parte del Consorcio de Compensaci\u00f3n de Seguros.<\/p><\/div>\n\t\t\t\t<\/div>\n\t\t\t\t\t\t\t<div class=\"elementor-accordion-item\">\n\t\t\t\t\t<div id=\"elementor-tab-title-8853\" class=\"elementor-tab-title\" data-tab=\"3\" role=\"button\" aria-controls=\"elementor-tab-content-8853\" aria-expanded=\"false\">\n\t\t\t\t\t\t\t\t\t\t\t\t\t<span class=\"elementor-accordion-icon elementor-accordion-icon-left\" aria-hidden=\"true\">\n\t\t\t\t\t\t\t\t\t\t\t\t\t\t\t<span class=\"elementor-accordion-icon-closed\"><i class=\"fas fa-plus\"><\/i><\/span>\n\t\t\t\t\t\t\t\t<span class=\"elementor-accordion-icon-opened\"><i class=\"fas fa-minus\"><\/i><\/span>\n\t\t\t\t\t\t\t\t\t\t\t\t\t\t<\/span>\n\t\t\t\t\t\t\t\t\t\t\t\t<a class=\"elementor-accordion-title\" tabindex=\"0\">\u00bfY SI EL CONDUCTOR SE DA A LA FUGA SIN PODER CONOCER DATO ALGUNO?<\/a>\n\t\t\t\t\t<\/div>\n\t\t\t\t\t<div id=\"elementor-tab-content-8853\" class=\"elementor-tab-content elementor-clearfix\" data-tab=\"3\" role=\"region\" aria-labelledby=\"elementor-tab-title-8853\"><p>Tambi\u00e9n en ese caso la indemnizaci\u00f3n de lesiones ser\u00eda abonada por el Consorcio de Compensaci\u00f3n de Seguros.<\/p><\/div>\n\t\t\t\t<\/div>\n\t\t\t\t\t\t\t<div class=\"elementor-accordion-item\">\n\t\t\t\t\t<div id=\"elementor-tab-title-8854\" class=\"elementor-tab-title\" data-tab=\"4\" role=\"button\" aria-controls=\"elementor-tab-content-8854\" aria-expanded=\"false\">\n\t\t\t\t\t\t\t\t\t\t\t\t\t<span class=\"elementor-accordion-icon elementor-accordion-icon-left\" aria-hidden=\"true\">\n\t\t\t\t\t\t\t\t\t\t\t\t\t\t\t<span class=\"elementor-accordion-icon-closed\"><i class=\"fas fa-plus\"><\/i><\/span>\n\t\t\t\t\t\t\t\t<span class=\"elementor-accordion-icon-opened\"><i class=\"fas fa-minus\"><\/i><\/span>\n\t\t\t\t\t\t\t\t\t\t\t\t\t\t<\/span>\n\t\t\t\t\t\t\t\t\t\t\t\t<a class=\"elementor-accordion-title\" tabindex=\"0\">SI EL CONDUCTOR DEL VEH\u00cdCULO EN QU\u00c9 VIAJ\u00c1BAMOS RESULTA SER EL CULPABLE DEL ACCIDENTE, \u00bfLOS OCUPANTES TIENEN DERECHO A COBRAR UNA INDEMNIZACI\u00d3N?<\/a>\n\t\t\t\t\t<\/div>\n\t\t\t\t\t<div id=\"elementor-tab-content-8854\" class=\"elementor-tab-content elementor-clearfix\" data-tab=\"4\" role=\"region\" aria-labelledby=\"elementor-tab-title-8854\"><p>S\u00ed, siempre. El seguro obligatorio del veh\u00edculo en el que viajabas se har\u00e1 cargo de las respectivas indemnizaciones de los ocupantes del veh\u00edculo propio como de los pasajeros del otro veh\u00edculo implicado. \u00danicamente quedar\u00e1 sin cobertura la indemnizaci\u00f3n del conductor responsable del accidente cuando se declare su \u00fanica y exclusiva responsabilidad.<\/p><\/div>\n\t\t\t\t<\/div>\n\t\t\t\t\t\t\t<div class=\"elementor-accordion-item\">\n\t\t\t\t\t<div id=\"elementor-tab-title-8855\" class=\"elementor-tab-title\" data-tab=\"5\" role=\"button\" aria-controls=\"elementor-tab-content-8855\" aria-expanded=\"false\">\n\t\t\t\t\t\t\t\t\t\t\t\t\t<span class=\"elementor-accordion-icon elementor-accordion-icon-left\" aria-hidden=\"true\">\n\t\t\t\t\t\t\t\t\t\t\t\t\t\t\t<span class=\"elementor-accordion-icon-closed\"><i class=\"fas fa-plus\"><\/i><\/span>\n\t\t\t\t\t\t\t\t<span class=\"elementor-accordion-icon-opened\"><i class=\"fas fa-minus\"><\/i><\/span>\n\t\t\t\t\t\t\t\t\t\t\t\t\t\t<\/span>\n\t\t\t\t\t\t\t\t\t\t\t\t<a class=\"elementor-accordion-title\" tabindex=\"0\">\u00bfCU\u00c1NDO SE DECLARA UN VEH\u00cdCULO SINIESTRO TOTAL?<\/a>\n\t\t\t\t\t<\/div>\n\t\t\t\t\t<div id=\"elementor-tab-content-8855\" class=\"elementor-tab-content elementor-clearfix\" data-tab=\"5\" role=\"region\" aria-labelledby=\"elementor-tab-title-8855\"><p>En aquellos casos en los que el coste de la reparaci\u00f3n del veh\u00edculo accidentado es superior a su valor venal (valoraci\u00f3n por matr\u00edcula) o a su valor de mercado (lo que nos costar\u00eda ese mismo veh\u00edculo u otro de similares caracter\u00edsticas y antig\u00fcedad), la compa\u00f1\u00eda aseguradora considerar\u00e1 que la reparaci\u00f3n no est\u00e1 justificada y resulta antiecon\u00f3mica, y declarar\u00e1 que el veh\u00edculo es siniestro total, ofertando un valor cercano al valor venal, a menudo incrementado con un porcentaje de hasta un 30% como valor de afecci\u00f3n, como oferta de indemnizaci\u00f3n.<\/p><p>Si la diferencia entre ese valor y el coste de la reparaci\u00f3n no es muy importante, en determinados casos se podr\u00e1 reclamar el valor de reparaci\u00f3n si se ha efectuado y disponemos de la factura.<\/p><p>\u00a0<\/p><p>Para el perjudicado siempre ser\u00e1 m\u00e1s adecuada la valoraci\u00f3n a valor de mercado, pero por parte de las compa\u00f1\u00edas aseguradoras, en la mayor\u00eda de los casos, intentar\u00e1n indemnizar conforme al valor venal del veh\u00edculo, resarcimiento inferior al de mercado y de reparaci\u00f3n.<\/p><\/div>\n\t\t\t\t<\/div>\n\t\t\t\t\t\t\t<div class=\"elementor-accordion-item\">\n\t\t\t\t\t<div id=\"elementor-tab-title-8856\" class=\"elementor-tab-title\" data-tab=\"6\" role=\"button\" aria-controls=\"elementor-tab-content-8856\" aria-expanded=\"false\">\n\t\t\t\t\t\t\t\t\t\t\t\t\t<span class=\"elementor-accordion-icon elementor-accordion-icon-left\" aria-hidden=\"true\">\n\t\t\t\t\t\t\t\t\t\t\t\t\t\t\t<span class=\"elementor-accordion-icon-closed\"><i class=\"fas fa-plus\"><\/i><\/span>\n\t\t\t\t\t\t\t\t<span class=\"elementor-accordion-icon-opened\"><i class=\"fas fa-minus\"><\/i><\/span>\n\t\t\t\t\t\t\t\t\t\t\t\t\t\t<\/span>\n\t\t\t\t\t\t\t\t\t\t\t\t<a class=\"elementor-accordion-title\" tabindex=\"0\">\u00bfQU\u00c9 ES EL ATESTADO?<\/a>\n\t\t\t\t\t<\/div>\n\t\t\t\t\t<div id=\"elementor-tab-content-8856\" class=\"elementor-tab-content elementor-clearfix\" data-tab=\"6\" role=\"region\" aria-labelledby=\"elementor-tab-title-8856\"><p>El atestado es el documento que elaboran los agentes de polic\u00eda s\u00f3lo en los casos en que se han producido lesiones o que considera que alguno de los implicados en el accidente puede ser autor de un delito contra la seguridad del tr\u00e1fico.<\/p><p>Este documento que recoge los datos y circunstancias del siniestro contiene la declaraci\u00f3n de los implicados, de los testigos, el croquis del lugar del accidente, la situaci\u00f3n de los veh\u00edculos y elementos implicados, y todos aquellos indicios y vestigios observados como elementos para determinar la causa y el responsable, haciendo constar la opini\u00f3n t\u00e9cnica del cuerpo policial.<\/p><p>El resultado es un documento elaborado con posterioridad al accidente, ya que los agentes no le han presenciado, que contiene una probable evoluci\u00f3n, una posible causa del accidente y un posible responsable.<\/p><p>En caso de discrepancia con estas conclusiones, es necesario buscar otros medios de prueba para la reconstrucci\u00f3n de la realidad de lo ocurrido, como las periciales de ingenieros reconstructores de accidentes que ADAVIAC te puede proporcionar.<\/p><\/div>\n\t\t\t\t<\/div>\n\t\t\t\t\t\t\t<div class=\"elementor-accordion-item\">\n\t\t\t\t\t<div id=\"elementor-tab-title-8857\" class=\"elementor-tab-title\" data-tab=\"7\" role=\"button\" aria-controls=\"elementor-tab-content-8857\" aria-expanded=\"false\">\n\t\t\t\t\t\t\t\t\t\t\t\t\t<span class=\"elementor-accordion-icon elementor-accordion-icon-left\" aria-hidden=\"true\">\n\t\t\t\t\t\t\t\t\t\t\t\t\t\t\t<span class=\"elementor-accordion-icon-closed\"><i class=\"fas fa-plus\"><\/i><\/span>\n\t\t\t\t\t\t\t\t<span class=\"elementor-accordion-icon-opened\"><i class=\"fas fa-minus\"><\/i><\/span>\n\t\t\t\t\t\t\t\t\t\t\t\t\t\t<\/span>\n\t\t\t\t\t\t\t\t\t\t\t\t<a class=\"elementor-accordion-title\" tabindex=\"0\">\u00bfCU\u00c1L ES EL PLAZO PARA COMUNICAR EL ACCIDENTE A MI COMPA\u00d1\u00cdA ASEGURADORA?<\/a>\n\t\t\t\t\t<\/div>\n\t\t\t\t\t<div id=\"elementor-tab-content-8857\" class=\"elementor-tab-content elementor-clearfix\" data-tab=\"7\" role=\"region\" aria-labelledby=\"elementor-tab-title-8857\"><p>Tanto la Ley de Contrato de seguro como en la gran mayor\u00eda de los condicionados de p\u00f3lizas, establece un plazo m\u00e1ximo de 7 d\u00edas para la comunicaci\u00f3n de siniestro facilitando a la compa\u00f1\u00eda aseguradora todos los datos que disponemos.<\/p><p>En algunos casos, se hace m\u00e1s tarde, pero es recomendable cumplir este plazo para evitar problemas de cobertura.<\/p><p>Es prudente y muy recomendable no apurar el plazo y esperar al final, es necesario hacer una reclamaci\u00f3n inicial cuanto antes que, servir\u00e1 para interrumpir plazos de prescripci\u00f3n as\u00ed como una reclamaci\u00f3n previa extrajudicial obligatoria del perjudicado antes de acudir a la v\u00eda judicial.<\/p><\/div>\n\t\t\t\t<\/div>\n\t\t\t\t\t\t\t\t<\/div>\n\t\t\t\t\t\t<\/div>\n\t\t\t\t<\/div>\n\t\t\t\t\t<\/div>\n\t\t<\/div>\n\t\t\t\t\t<\/div>\n\t\t<\/section>\n\t\t\t\t\t<\/div>\n\t\t<\/div>\n\t\t\t\t\t<\/div>\n\t\t<\/section>\n\t\t\t\t<\/div>","protected":false},"excerpt":{"rendered":"<p>FAQ&#8217;S Llistat d&#8217;advocats d&#8217;ADAVIAC LESIONS SI HE PATIT LESIONS EN UN ACCIDENT DE TR\u00c0NSIT, TINC UN TERMINI M\u00c0XIM PER ANAR AL METGE? En cas d&#8217;haver patit qualsevol lesi\u00f3, cal acudir a un centre m\u00e8dic, tan aviat com sigui possible. En cas de lesions relacionades amb la columna vertebral (cervical, dorsal, lumbar, etc.), \u00e9s especialment important\u00a0acudir [&hellip;]<\/p>\n","protected":false},"author":1,"featured_media":0,"parent":0,"menu_order":0,"comment_status":"closed","ping_status":"closed","template":"elementor_header_footer","meta":{"footnotes":""},"class_list":["post-42","page","type-page","status-publish","hentry"],"yoast_head":"<!-- This site is optimized with the Yoast SEO plugin v27.1.1 - https:\/\/yoast.com\/product\/yoast-seo-wordpress\/ -->\n<title>FAQ - Associaci\u00f3 d&#039;Advocats de V\u00edctimes de Catalunya<\/title>\n<meta name=\"robots\" content=\"index, follow, max-snippet:-1, max-image-preview:large, max-video-preview:-1\" \/>\n<link rel=\"canonical\" href=\"https:\/\/www.adaviac.cat\/es\/faq\/\" \/>\n<meta property=\"og:locale\" content=\"es_ES\" \/>\n<meta property=\"og:type\" content=\"article\" \/>\n<meta property=\"og:title\" content=\"FAQ - Associaci\u00f3 d&#039;Advocats de V\u00edctimes de Catalunya\" \/>\n<meta property=\"og:description\" content=\"FAQ&#8217;S Llistat d&#8217;advocats d&#8217;ADAVIAC LESIONS SI HE PATIT LESIONS EN UN ACCIDENT DE TR\u00c0NSIT, TINC UN TERMINI M\u00c0XIM PER ANAR AL METGE? En cas d&#8217;haver patit qualsevol lesi\u00f3, cal acudir a un centre m\u00e8dic, tan aviat com sigui possible. En cas de lesions relacionades amb la columna vertebral (cervical, dorsal, lumbar, etc.), \u00e9s especialment important\u00a0acudir [&hellip;]\" \/>\n<meta property=\"og:url\" content=\"https:\/\/www.adaviac.cat\/es\/faq\/\" \/>\n<meta property=\"og:site_name\" content=\"Associaci\u00f3 d&#039;Advocats de V\u00edctimes de Catalunya\" \/>\n<meta property=\"article:modified_time\" content=\"2023-07-28T17:00:03+00:00\" \/>\n<meta property=\"og:image\" content=\"https:\/\/www.adaviac.cat\/wp-content\/uploads\/elementor\/thumbs\/ADAVIAC-Asociacion-de-Victimas-de-Accidentes-de-Catalunya-11-q39roo81t76lmzd20mw8nsq7o1tw8fqj700ck9qla8.jpeg\" \/>\n<meta name=\"twitter:card\" content=\"summary_large_image\" \/>\n<meta name=\"twitter:label1\" content=\"Tiempo de lectura\" \/>\n\t<meta name=\"twitter:data1\" content=\"8 minutos\" \/>\n<script type=\"application\/ld+json\" class=\"yoast-schema-graph\">{\"@context\":\"https:\/\/schema.org\",\"@graph\":[{\"@type\":\"WebPage\",\"@id\":\"https:\/\/www.adaviac.cat\/faq\/\",\"url\":\"https:\/\/www.adaviac.cat\/faq\/\",\"name\":\"FAQ - Associaci\u00f3 d&#039;Advocats de V\u00edctimes de Catalunya\",\"isPartOf\":{\"@id\":\"https:\/\/www.adaviac.cat\/#website\"},\"primaryImageOfPage\":{\"@id\":\"https:\/\/www.adaviac.cat\/faq\/#primaryimage\"},\"image\":{\"@id\":\"https:\/\/www.adaviac.cat\/faq\/#primaryimage\"},\"thumbnailUrl\":\"https:\/\/www.adaviac.cat\/wp-content\/uploads\/elementor\/thumbs\/ADAVIAC-Asociacion-de-Victimas-de-Accidentes-de-Catalunya-11-q39roo81t76lmzd20mw8nsq7o1tw8fqj700ck9qla8.jpeg\",\"datePublished\":\"2023-03-08T14:29:45+00:00\",\"dateModified\":\"2023-07-28T17:00:03+00:00\",\"breadcrumb\":{\"@id\":\"https:\/\/www.adaviac.cat\/faq\/#breadcrumb\"},\"inLanguage\":\"es\",\"potentialAction\":[{\"@type\":\"ReadAction\",\"target\":[\"https:\/\/www.adaviac.cat\/faq\/\"]}]},{\"@type\":\"ImageObject\",\"inLanguage\":\"es\",\"@id\":\"https:\/\/www.adaviac.cat\/faq\/#primaryimage\",\"url\":\"https:\/\/www.adaviac.cat\/wp-content\/uploads\/elementor\/thumbs\/ADAVIAC-Asociacion-de-Victimas-de-Accidentes-de-Catalunya-11-q39roo81t76lmzd20mw8nsq7o1tw8fqj700ck9qla8.jpeg\",\"contentUrl\":\"https:\/\/www.adaviac.cat\/wp-content\/uploads\/elementor\/thumbs\/ADAVIAC-Asociacion-de-Victimas-de-Accidentes-de-Catalunya-11-q39roo81t76lmzd20mw8nsq7o1tw8fqj700ck9qla8.jpeg\"},{\"@type\":\"BreadcrumbList\",\"@id\":\"https:\/\/www.adaviac.cat\/faq\/#breadcrumb\",\"itemListElement\":[{\"@type\":\"ListItem\",\"position\":1,\"name\":\"Portada\",\"item\":\"https:\/\/www.adaviac.cat\/\"},{\"@type\":\"ListItem\",\"position\":2,\"name\":\"FAQ\"}]},{\"@type\":\"WebSite\",\"@id\":\"https:\/\/www.adaviac.cat\/#website\",\"url\":\"https:\/\/www.adaviac.cat\/\",\"name\":\"Associaci\u00f3 d&#039;Advocats de V\u00edctimes de Catalunya\",\"description\":\"ADAVIAC: Associaci\u00f3 d&#039;Advocats de V\u00edctimes de Catalunya\",\"publisher\":{\"@id\":\"https:\/\/www.adaviac.cat\/#organization\"},\"potentialAction\":[{\"@type\":\"SearchAction\",\"target\":{\"@type\":\"EntryPoint\",\"urlTemplate\":\"https:\/\/www.adaviac.cat\/?s={search_term_string}\"},\"query-input\":{\"@type\":\"PropertyValueSpecification\",\"valueRequired\":true,\"valueName\":\"search_term_string\"}}],\"inLanguage\":\"es\"},{\"@type\":\"Organization\",\"@id\":\"https:\/\/www.adaviac.cat\/#organization\",\"name\":\"Associaci\u00f3 d&#039;Advocats de V\u00edctimes de Catalunya\",\"url\":\"https:\/\/www.adaviac.cat\/\",\"logo\":{\"@type\":\"ImageObject\",\"inLanguage\":\"es\",\"@id\":\"https:\/\/www.adaviac.cat\/#\/schema\/logo\/image\/\",\"url\":\"https:\/\/www.adaviac.cat\/wp-content\/uploads\/2023\/03\/LOGO-ADAVIAC.png\",\"contentUrl\":\"https:\/\/www.adaviac.cat\/wp-content\/uploads\/2023\/03\/LOGO-ADAVIAC.png\",\"width\":350,\"height\":100,\"caption\":\"Associaci\u00f3 d&#039;Advocats de V\u00edctimes de Catalunya\"},\"image\":{\"@id\":\"https:\/\/www.adaviac.cat\/#\/schema\/logo\/image\/\"}}]}<\/script>\n<!-- \/ Yoast SEO plugin. -->","yoast_head_json":{"title":"FAQ - Associaci\u00f3 d&#039;Advocats de V\u00edctimes de Catalunya","robots":{"index":"index","follow":"follow","max-snippet":"max-snippet:-1","max-image-preview":"max-image-preview:large","max-video-preview":"max-video-preview:-1"},"canonical":"https:\/\/www.adaviac.cat\/es\/faq\/","og_locale":"es_ES","og_type":"article","og_title":"FAQ - Associaci\u00f3 d&#039;Advocats de V\u00edctimes de Catalunya","og_description":"FAQ&#8217;S Llistat d&#8217;advocats d&#8217;ADAVIAC LESIONS SI HE PATIT LESIONS EN UN ACCIDENT DE TR\u00c0NSIT, TINC UN TERMINI M\u00c0XIM PER ANAR AL METGE? En cas d&#8217;haver patit qualsevol lesi\u00f3, cal acudir a un centre m\u00e8dic, tan aviat com sigui possible. En cas de lesions relacionades amb la columna vertebral (cervical, dorsal, lumbar, etc.), \u00e9s especialment important\u00a0acudir [&hellip;]","og_url":"https:\/\/www.adaviac.cat\/es\/faq\/","og_site_name":"Associaci\u00f3 d&#039;Advocats de V\u00edctimes de Catalunya","article_modified_time":"2023-07-28T17:00:03+00:00","og_image":[{"url":"https:\/\/www.adaviac.cat\/wp-content\/uploads\/elementor\/thumbs\/ADAVIAC-Asociacion-de-Victimas-de-Accidentes-de-Catalunya-11-q39roo81t76lmzd20mw8nsq7o1tw8fqj700ck9qla8.jpeg","type":"","width":"","height":""}],"twitter_card":"summary_large_image","twitter_misc":{"Tiempo de lectura":"8 minutos"},"schema":{"@context":"https:\/\/schema.org","@graph":[{"@type":"WebPage","@id":"https:\/\/www.adaviac.cat\/faq\/","url":"https:\/\/www.adaviac.cat\/faq\/","name":"FAQ - Associaci\u00f3 d&#039;Advocats de V\u00edctimes de Catalunya","isPartOf":{"@id":"https:\/\/www.adaviac.cat\/#website"},"primaryImageOfPage":{"@id":"https:\/\/www.adaviac.cat\/faq\/#primaryimage"},"image":{"@id":"https:\/\/www.adaviac.cat\/faq\/#primaryimage"},"thumbnailUrl":"https:\/\/www.adaviac.cat\/wp-content\/uploads\/elementor\/thumbs\/ADAVIAC-Asociacion-de-Victimas-de-Accidentes-de-Catalunya-11-q39roo81t76lmzd20mw8nsq7o1tw8fqj700ck9qla8.jpeg","datePublished":"2023-03-08T14:29:45+00:00","dateModified":"2023-07-28T17:00:03+00:00","breadcrumb":{"@id":"https:\/\/www.adaviac.cat\/faq\/#breadcrumb"},"inLanguage":"es","potentialAction":[{"@type":"ReadAction","target":["https:\/\/www.adaviac.cat\/faq\/"]}]},{"@type":"ImageObject","inLanguage":"es","@id":"https:\/\/www.adaviac.cat\/faq\/#primaryimage","url":"https:\/\/www.adaviac.cat\/wp-content\/uploads\/elementor\/thumbs\/ADAVIAC-Asociacion-de-Victimas-de-Accidentes-de-Catalunya-11-q39roo81t76lmzd20mw8nsq7o1tw8fqj700ck9qla8.jpeg","contentUrl":"https:\/\/www.adaviac.cat\/wp-content\/uploads\/elementor\/thumbs\/ADAVIAC-Asociacion-de-Victimas-de-Accidentes-de-Catalunya-11-q39roo81t76lmzd20mw8nsq7o1tw8fqj700ck9qla8.jpeg"},{"@type":"BreadcrumbList","@id":"https:\/\/www.adaviac.cat\/faq\/#breadcrumb","itemListElement":[{"@type":"ListItem","position":1,"name":"Portada","item":"https:\/\/www.adaviac.cat\/"},{"@type":"ListItem","position":2,"name":"FAQ"}]},{"@type":"WebSite","@id":"https:\/\/www.adaviac.cat\/#website","url":"https:\/\/www.adaviac.cat\/","name":"Associaci\u00f3 d&#039;Advocats de V\u00edctimes de Catalunya","description":"ADAVIAC: Associaci\u00f3 d&#039;Advocats de V\u00edctimes de Catalunya","publisher":{"@id":"https:\/\/www.adaviac.cat\/#organization"},"potentialAction":[{"@type":"SearchAction","target":{"@type":"EntryPoint","urlTemplate":"https:\/\/www.adaviac.cat\/?s={search_term_string}"},"query-input":{"@type":"PropertyValueSpecification","valueRequired":true,"valueName":"search_term_string"}}],"inLanguage":"es"},{"@type":"Organization","@id":"https:\/\/www.adaviac.cat\/#organization","name":"Associaci\u00f3 d&#039;Advocats de V\u00edctimes de Catalunya","url":"https:\/\/www.adaviac.cat\/","logo":{"@type":"ImageObject","inLanguage":"es","@id":"https:\/\/www.adaviac.cat\/#\/schema\/logo\/image\/","url":"https:\/\/www.adaviac.cat\/wp-content\/uploads\/2023\/03\/LOGO-ADAVIAC.png","contentUrl":"https:\/\/www.adaviac.cat\/wp-content\/uploads\/2023\/03\/LOGO-ADAVIAC.png","width":350,"height":100,"caption":"Associaci\u00f3 d&#039;Advocats de V\u00edctimes de Catalunya"},"image":{"@id":"https:\/\/www.adaviac.cat\/#\/schema\/logo\/image\/"}}]}},"_links":{"self":[{"href":"https:\/\/www.adaviac.cat\/es\/wp-json\/wp\/v2\/pages\/42","targetHints":{"allow":["GET"]}}],"collection":[{"href":"https:\/\/www.adaviac.cat\/es\/wp-json\/wp\/v2\/pages"}],"about":[{"href":"https:\/\/www.adaviac.cat\/es\/wp-json\/wp\/v2\/types\/page"}],"author":[{"embeddable":true,"href":"https:\/\/www.adaviac.cat\/es\/wp-json\/wp\/v2\/users\/1"}],"replies":[{"embeddable":true,"href":"https:\/\/www.adaviac.cat\/es\/wp-json\/wp\/v2\/comments?post=42"}],"version-history":[{"count":109,"href":"https:\/\/www.adaviac.cat\/es\/wp-json\/wp\/v2\/pages\/42\/revisions"}],"predecessor-version":[{"id":1755,"href":"https:\/\/www.adaviac.cat\/es\/wp-json\/wp\/v2\/pages\/42\/revisions\/1755"}],"wp:attachment":[{"href":"https:\/\/www.adaviac.cat\/es\/wp-json\/wp\/v2\/media?parent=42"}],"curies":[{"name":"wp","href":"https:\/\/api.w.org\/{rel}","templated":true}]}}