{"id":156,"date":"2023-03-13T15:34:42","date_gmt":"2023-03-13T14:34:42","guid":{"rendered":"https:\/\/www.adaviac.cat\/?page_id=156"},"modified":"2023-07-28T17:43:18","modified_gmt":"2023-07-28T15:43:18","slug":"qui-som","status":"publish","type":"page","link":"https:\/\/www.adaviac.cat\/es\/qui-som\/","title":{"rendered":"Qui som?"},"content":{"rendered":"<div data-elementor-type=\"wp-page\" data-elementor-id=\"156\" class=\"elementor elementor-156\">\n\t\t\t\t\t\t<section class=\"elementor-section elementor-top-section elementor-element elementor-element-252799cf elementor-section-boxed elementor-section-height-default elementor-section-height-default\" data-id=\"252799cf\" data-element_type=\"section\" data-e-type=\"section\" data-settings=\"{&quot;background_background&quot;:&quot;classic&quot;}\">\n\t\t\t\t\t\t\t<div class=\"elementor-background-overlay\"><\/div>\n\t\t\t\t\t\t\t<div class=\"elementor-container elementor-column-gap-default\">\n\t\t\t\t\t<div class=\"elementor-column elementor-col-100 elementor-top-column elementor-element elementor-element-5052c77\" data-id=\"5052c77\" data-element_type=\"column\" data-e-type=\"column\">\n\t\t\t<div class=\"elementor-widget-wrap elementor-element-populated\">\n\t\t\t\t\t\t<section class=\"elementor-section elementor-inner-section elementor-element elementor-element-508b1602 elementor-section-boxed elementor-section-height-default elementor-section-height-default\" data-id=\"508b1602\" data-element_type=\"section\" data-e-type=\"section\">\n\t\t\t\t\t\t<div class=\"elementor-container elementor-column-gap-wider\">\n\t\t\t\t\t<div class=\"elementor-column elementor-col-50 elementor-inner-column elementor-element elementor-element-5a1dd870\" data-id=\"5a1dd870\" data-element_type=\"column\" data-e-type=\"column\">\n\t\t\t<div class=\"elementor-widget-wrap elementor-element-populated\">\n\t\t\t\t\t\t<div class=\"elementor-element elementor-element-4bf0e1fe elementor-invisible elementor-widget elementor-widget-heading\" data-id=\"4bf0e1fe\" data-element_type=\"widget\" data-e-type=\"widget\" data-settings=\"{&quot;_animation&quot;:&quot;fadeIn&quot;,&quot;_animation_delay&quot;:100}\" data-widget_type=\"heading.default\">\n\t\t\t\t<div class=\"elementor-widget-container\">\n\t\t\t\t\t<h2 class=\"elementor-heading-title elementor-size-default\">\u00bfQui\u00e9nes somos?<\/h2>\t\t\t\t<\/div>\n\t\t\t\t<\/div>\n\t\t\t\t\t<\/div>\n\t\t<\/div>\n\t\t\t\t<div class=\"elementor-column elementor-col-50 elementor-inner-column elementor-element elementor-element-2be2f496\" data-id=\"2be2f496\" data-element_type=\"column\" data-e-type=\"column\">\n\t\t\t<div class=\"elementor-widget-wrap\">\n\t\t\t\t\t\t\t<\/div>\n\t\t<\/div>\n\t\t\t\t\t<\/div>\n\t\t<\/section>\n\t\t\t\t\t<\/div>\n\t\t<\/div>\n\t\t\t\t\t<\/div>\n\t\t<\/section>\n\t\t\t\t<section class=\"elementor-section elementor-top-section elementor-element elementor-element-178cde80 elementor-section-boxed elementor-section-height-default elementor-section-height-default\" data-id=\"178cde80\" data-element_type=\"section\" data-e-type=\"section\" data-settings=\"{&quot;background_background&quot;:&quot;classic&quot;}\">\n\t\t\t\t\t\t\t<div class=\"elementor-background-overlay\"><\/div>\n\t\t\t\t\t\t\t<div class=\"elementor-container elementor-column-gap-default\">\n\t\t\t\t\t<div class=\"elementor-column elementor-col-100 elementor-top-column elementor-element elementor-element-345fafaf\" data-id=\"345fafaf\" data-element_type=\"column\" data-e-type=\"column\">\n\t\t\t<div class=\"elementor-widget-wrap elementor-element-populated\">\n\t\t\t\t\t\t<section class=\"elementor-section elementor-inner-section elementor-element elementor-element-7edc0a56 elementor-section-content-middle envato-kit-164-top-0 elementor-section-boxed elementor-section-height-default elementor-section-height-default\" data-id=\"7edc0a56\" data-element_type=\"section\" data-e-type=\"section\">\n\t\t\t\t\t\t<div class=\"elementor-container elementor-column-gap-wider\">\n\t\t\t\t\t<div class=\"elementor-column elementor-col-50 elementor-inner-column elementor-element elementor-element-1c9f0e17 elementor-invisible\" data-id=\"1c9f0e17\" data-element_type=\"column\" data-e-type=\"column\" data-settings=\"{&quot;animation&quot;:&quot;fadeIn&quot;,&quot;animation_delay&quot;:100}\">\n\t\t\t<div class=\"elementor-widget-wrap elementor-element-populated\">\n\t\t\t\t\t\t<div class=\"elementor-element elementor-element-5f1fda5a elementor-widget elementor-widget-image\" data-id=\"5f1fda5a\" data-element_type=\"widget\" data-e-type=\"widget\" data-widget_type=\"image.default\">\n\t\t\t\t<div class=\"elementor-widget-container\">\n\t\t\t\t\t\t\t\t\t\t\t\t\t\t\t<img fetchpriority=\"high\" decoding=\"async\" width=\"2170\" height=\"522\" src=\"https:\/\/www.adaviac.cat\/wp-content\/uploads\/2023\/03\/ENCAPCALAMENT-LOGO-ADAVIAC-1.png\" class=\"attachment-full size-full wp-image-440\" alt=\"Logo ADAVIAC\" srcset=\"https:\/\/www.adaviac.cat\/wp-content\/uploads\/2023\/03\/ENCAPCALAMENT-LOGO-ADAVIAC-1.png 2170w, https:\/\/www.adaviac.cat\/wp-content\/uploads\/2023\/03\/ENCAPCALAMENT-LOGO-ADAVIAC-1-300x72.png 300w, https:\/\/www.adaviac.cat\/wp-content\/uploads\/2023\/03\/ENCAPCALAMENT-LOGO-ADAVIAC-1-1024x246.png 1024w, https:\/\/www.adaviac.cat\/wp-content\/uploads\/2023\/03\/ENCAPCALAMENT-LOGO-ADAVIAC-1-768x185.png 768w, https:\/\/www.adaviac.cat\/wp-content\/uploads\/2023\/03\/ENCAPCALAMENT-LOGO-ADAVIAC-1-1536x369.png 1536w, https:\/\/www.adaviac.cat\/wp-content\/uploads\/2023\/03\/ENCAPCALAMENT-LOGO-ADAVIAC-1-2048x493.png 2048w\" sizes=\"(max-width: 2170px) 100vw, 2170px\" \/>\t\t\t\t\t\t\t\t\t\t\t\t\t\t\t<\/div>\n\t\t\t\t<\/div>\n\t\t\t\t\t<\/div>\n\t\t<\/div>\n\t\t\t\t<div class=\"elementor-column elementor-col-50 elementor-inner-column elementor-element elementor-element-796f972d elementor-invisible\" data-id=\"796f972d\" data-element_type=\"column\" data-e-type=\"column\" data-settings=\"{&quot;animation&quot;:&quot;fadeIn&quot;,&quot;animation_delay&quot;:200}\">\n\t\t\t<div class=\"elementor-widget-wrap elementor-element-populated\">\n\t\t\t\t\t\t<div class=\"elementor-element elementor-element-64bad7c elementor-invisible elementor-widget elementor-widget-heading\" data-id=\"64bad7c\" data-element_type=\"widget\" data-e-type=\"widget\" data-settings=\"{&quot;_animation&quot;:&quot;fadeIn&quot;}\" data-widget_type=\"heading.default\">\n\t\t\t\t<div class=\"elementor-widget-container\">\n\t\t\t\t\t<h2 class=\"elementor-heading-title elementor-size-default\">ADAVIAC<\/h2>\t\t\t\t<\/div>\n\t\t\t\t<\/div>\n\t\t\t\t<div class=\"elementor-element elementor-element-7f1dc89b elementor-invisible elementor-widget elementor-widget-heading\" data-id=\"7f1dc89b\" data-element_type=\"widget\" data-e-type=\"widget\" data-settings=\"{&quot;_animation&quot;:&quot;fadeIn&quot;,&quot;_animation_delay&quot;:150}\" data-widget_type=\"heading.default\">\n\t\t\t\t<div class=\"elementor-widget-container\">\n\t\t\t\t\t<h2 class=\"elementor-heading-title elementor-size-default\">\nSe constituye como Associaci\u00f3 d'Advocats de V\u00edctimes d'Accidents de Catalunya el 26 de marzo de 2018<\/h2>\t\t\t\t<\/div>\n\t\t\t\t<\/div>\n\t\t\t\t<div class=\"elementor-element elementor-element-5ad39e06 elementor-invisible elementor-widget elementor-widget-text-editor\" data-id=\"5ad39e06\" data-element_type=\"widget\" data-e-type=\"widget\" data-settings=\"{&quot;_animation&quot;:&quot;fadeIn&quot;,&quot;_animation_delay&quot;:150}\" data-widget_type=\"text-editor.default\">\n\t\t\t\t<div class=\"elementor-widget-container\">\n\t\t\t\t\t\t\t\t\t<p>Inscrita por Resoluci\u00f3n del Director General de Derecho y Entidades Jur\u00eddicas del Departament de Just\u00edcia de la Generalitat de Catalunya, con n\u00famero 64587, y tiene domicilio social en Gran V\u00eda de Carlos III, 59, 1\u00ba 3\u00aa de Barcelona.<\/p>\t\t\t\t\t\t\t\t<\/div>\n\t\t\t\t<\/div>\n\t\t\t\t\t<\/div>\n\t\t<\/div>\n\t\t\t\t\t<\/div>\n\t\t<\/section>\n\t\t\t\t\t<\/div>\n\t\t<\/div>\n\t\t\t\t\t<\/div>\n\t\t<\/section>\n\t\t\t\t<section class=\"elementor-section elementor-top-section elementor-element elementor-element-47ac8a9 elementor-section-boxed elementor-section-height-default elementor-section-height-default\" data-id=\"47ac8a9\" data-element_type=\"section\" data-e-type=\"section\" data-settings=\"{&quot;background_background&quot;:&quot;classic&quot;}\">\n\t\t\t\t\t\t\t<div class=\"elementor-background-overlay\"><\/div>\n\t\t\t\t\t\t\t<div class=\"elementor-container elementor-column-gap-default\">\n\t\t\t\t\t<div class=\"elementor-column elementor-col-100 elementor-top-column elementor-element elementor-element-3b9d80f1\" data-id=\"3b9d80f1\" data-element_type=\"column\" data-e-type=\"column\">\n\t\t\t<div class=\"elementor-widget-wrap elementor-element-populated\">\n\t\t\t\t\t\t<section class=\"elementor-section elementor-inner-section elementor-element elementor-element-168bfe56 elementor-section-content-middle envato-kit-164-top-0 elementor-section-boxed elementor-section-height-default elementor-section-height-default\" data-id=\"168bfe56\" data-element_type=\"section\" data-e-type=\"section\">\n\t\t\t\t\t\t<div class=\"elementor-container elementor-column-gap-wider\">\n\t\t\t\t\t<div class=\"elementor-column elementor-col-50 elementor-inner-column elementor-element elementor-element-79945b41 elementor-invisible\" data-id=\"79945b41\" data-element_type=\"column\" data-e-type=\"column\" data-settings=\"{&quot;animation&quot;:&quot;fadeIn&quot;,&quot;animation_delay&quot;:200,&quot;background_background&quot;:&quot;classic&quot;}\">\n\t\t\t<div class=\"elementor-widget-wrap elementor-element-populated\">\n\t\t\t\t\t<div class=\"elementor-background-overlay\"><\/div>\n\t\t\t\t\t\t<div class=\"elementor-element elementor-element-62054a5 elementor-invisible elementor-widget elementor-widget-text-editor\" data-id=\"62054a5\" data-element_type=\"widget\" data-e-type=\"widget\" data-settings=\"{&quot;_animation&quot;:&quot;fadeIn&quot;,&quot;_animation_delay&quot;:150}\" data-widget_type=\"text-editor.default\">\n\t\t\t\t<div class=\"elementor-widget-container\">\n\t\t\t\t\t\t\t\t\t<p><strong>ADAVIAC<\/strong> est\u00e0 format per Advocats especialitzats en responsabilitat civil que, amb l&#8217;intercanvi de coneixements, experi\u00e8ncies i eines, desenvolupem les habilitats necess\u00e0ries per a la defensa \u00f2ptima dels drets de les v\u00edctimes d&#8217;accidents de circulaci\u00f3, neglig\u00e8ncies m\u00e8diques i altres fets generadors de Responsabilitat Civil, amb les m\u00e0ximes garanties d\u2019\u00e8xit.<\/p><p>La defensa de las v\u00edctimas de accidentes es el principal punto de encuentro de los abogados que formamos parte de ADAVIAC y, en ning\u00fan caso, trabajamos, dependemos ni actuamos en defensa de los intereses de compa\u00f1\u00edas de seguros.<\/p>\t\t\t\t\t\t\t\t<\/div>\n\t\t\t\t<\/div>\n\t\t\t\t\t<\/div>\n\t\t<\/div>\n\t\t\t\t<div class=\"elementor-column elementor-col-50 elementor-inner-column elementor-element elementor-element-1687f72a elementor-invisible\" data-id=\"1687f72a\" data-element_type=\"column\" data-e-type=\"column\" data-settings=\"{&quot;animation&quot;:&quot;fadeIn&quot;,&quot;animation_delay&quot;:100}\">\n\t\t\t<div class=\"elementor-widget-wrap\">\n\t\t\t\t\t\t\t<\/div>\n\t\t<\/div>\n\t\t\t\t\t<\/div>\n\t\t<\/section>\n\t\t\t\t\t<\/div>\n\t\t<\/div>\n\t\t\t\t\t<\/div>\n\t\t<\/section>\n\t\t\t\t<section class=\"elementor-section elementor-top-section elementor-element elementor-element-adab270 elementor-section-boxed elementor-section-height-default elementor-section-height-default\" data-id=\"adab270\" data-element_type=\"section\" data-e-type=\"section\" data-settings=\"{&quot;background_background&quot;:&quot;classic&quot;}\">\n\t\t\t\t\t\t\t<div class=\"elementor-background-overlay\"><\/div>\n\t\t\t\t\t\t\t<div class=\"elementor-container elementor-column-gap-default\">\n\t\t\t\t\t<div class=\"elementor-column elementor-col-100 elementor-top-column elementor-element elementor-element-17c7e42\" data-id=\"17c7e42\" data-element_type=\"column\" data-e-type=\"column\">\n\t\t\t<div class=\"elementor-widget-wrap elementor-element-populated\">\n\t\t\t\t\t\t<section class=\"elementor-section elementor-inner-section elementor-element elementor-element-9f17ce4 elementor-section-content-middle envato-kit-164-top-0 elementor-section-boxed elementor-section-height-default elementor-section-height-default\" data-id=\"9f17ce4\" data-element_type=\"section\" data-e-type=\"section\">\n\t\t\t\t\t\t<div class=\"elementor-container elementor-column-gap-wider\">\n\t\t\t\t\t<div class=\"elementor-column elementor-col-50 elementor-inner-column elementor-element elementor-element-5263d3b elementor-invisible\" data-id=\"5263d3b\" data-element_type=\"column\" data-e-type=\"column\" data-settings=\"{&quot;animation&quot;:&quot;fadeIn&quot;,&quot;animation_delay&quot;:200}\">\n\t\t\t<div class=\"elementor-widget-wrap elementor-element-populated\">\n\t\t\t\t\t\t<div class=\"elementor-element elementor-element-58b5653 elementor-invisible elementor-widget elementor-widget-text-editor\" data-id=\"58b5653\" data-element_type=\"widget\" data-e-type=\"widget\" data-settings=\"{&quot;_animation&quot;:&quot;fadeIn&quot;,&quot;_animation_delay&quot;:150}\" data-widget_type=\"text-editor.default\">\n\t\t\t\t<div class=\"elementor-widget-container\">\n\t\t\t\t\t\t\t\t\t<p>Luchamos contra la competencia desleal, el intrusismo y las malas pr\u00e1cticas del sector asegurador, rechazando las conductas profesionales que van contra la deontolog\u00eda de la profesi\u00f3n y\/o en perjuicio de los intereses de las v\u00edctimas. Y denunciamos situaciones de injusticia institucional u organizada por personas, empresas o sectores en contra de los intereses, derechos y bienestar de las v\u00edctimas de responsabilidad civil.<br \/><br \/>Conseguimos ventajas econ\u00f3micas y de pago por las v\u00edctimas en centros sanitarios, de rehabilitaci\u00f3n, accesibilidad y otros profesionales como peritos m\u00e9dicos, reconstructores de accidentes, biomec\u00e1nicos, talleres mec\u00e1nicos de reparaci\u00f3n, procuradores, etc.<br \/><br \/>Incentivamos las reclamaciones de honorarios a las aseguradoras sobre la base de las p\u00f3lizas de defensa jur\u00eddica,<\/p>\t\t\t\t\t\t\t\t<\/div>\n\t\t\t\t<\/div>\n\t\t\t\t\t<\/div>\n\t\t<\/div>\n\t\t\t\t<div class=\"elementor-column elementor-col-50 elementor-inner-column elementor-element elementor-element-75d6531 elementor-invisible\" data-id=\"75d6531\" data-element_type=\"column\" data-e-type=\"column\" data-settings=\"{&quot;animation&quot;:&quot;fadeIn&quot;,&quot;animation_delay&quot;:100}\">\n\t\t\t<div class=\"elementor-widget-wrap elementor-element-populated\">\n\t\t\t\t\t\t<div class=\"elementor-element elementor-element-19a91e5 elementor-invisible elementor-widget elementor-widget-text-editor\" data-id=\"19a91e5\" data-element_type=\"widget\" data-e-type=\"widget\" data-settings=\"{&quot;_animation&quot;:&quot;fadeIn&quot;,&quot;_animation_delay&quot;:150}\" data-widget_type=\"text-editor.default\">\n\t\t\t\t<div class=\"elementor-widget-container\">\n\t\t\t\t\t\t\t\t\t<p>especialmente cuando est\u00e1n suscritas con abusos y enga\u00f1os jur\u00eddicos.<br \/><br \/>Trabajamos para concienciar a la sociedad de la situaci\u00f3n institucional, econ\u00f3mica, social y judicial de las v\u00edctimas de accidentes ante las necesidades y carencias reales de nuestra sociedad y legislaci\u00f3n, interviniendo en reformas legales mediante la presentaci\u00f3n de proyectos, propuestas e iniciativas en las pol\u00edticas de protecci\u00f3n a las v\u00edctimas de responsabilidad civil en todos los \u00e1mbitos del territorio nacional y catal\u00e1n.<br \/><br \/>Nos personamos en procesos judiciales de cualquier orden jurisdiccional en defensa de perjudicados, incluso como acusaci\u00f3n particular o popular y en procesos en los que se ejerzan acciones colectivas de v\u00edctimas.<\/p>\t\t\t\t\t\t\t\t<\/div>\n\t\t\t\t<\/div>\n\t\t\t\t\t<\/div>\n\t\t<\/div>\n\t\t\t\t\t<\/div>\n\t\t<\/section>\n\t\t\t\t\t<\/div>\n\t\t<\/div>\n\t\t\t\t\t<\/div>\n\t\t<\/section>\n\t\t\t\t<\/div>","protected":false},"excerpt":{"rendered":"<p>Qui Som? ADAVIAC es constitueix com a Associaci\u00f3 d&#8217;Advocats de V\u00edctimes d&#8217;Accidents de Catalunya el 26 de mar\u00e7 de 2018 Inscrita per Resoluci\u00f3 del Director General de Dret i Entitats Jur\u00eddiques del Departament de Just\u00edcia de la Generalitat de Catalunya, amb n\u00famero 64587, t\u00e9 domicili social a Gran Via de Carles III, 59, 1r 3a [&hellip;]<\/p>\n","protected":false},"author":1,"featured_media":0,"parent":0,"menu_order":0,"comment_status":"closed","ping_status":"closed","template":"elementor_header_footer","meta":{"footnotes":""},"class_list":["post-156","page","type-page","status-publish","hentry"],"yoast_head":"<!-- This site is optimized with the Yoast SEO plugin v27.1.1 - https:\/\/yoast.com\/product\/yoast-seo-wordpress\/ -->\n<title>Qui som? - Associaci\u00f3 d&#039;Advocats de V\u00edctimes de Catalunya<\/title>\n<meta name=\"robots\" content=\"index, follow, max-snippet:-1, max-image-preview:large, max-video-preview:-1\" \/>\n<link rel=\"canonical\" href=\"https:\/\/www.adaviac.cat\/es\/qui-som\/\" \/>\n<meta property=\"og:locale\" content=\"es_ES\" \/>\n<meta property=\"og:type\" content=\"article\" \/>\n<meta property=\"og:title\" content=\"Qui som? - Associaci\u00f3 d&#039;Advocats de V\u00edctimes de Catalunya\" \/>\n<meta property=\"og:description\" content=\"Qui Som? ADAVIAC es constitueix com a Associaci\u00f3 d&#8217;Advocats de V\u00edctimes d&#8217;Accidents de Catalunya el 26 de mar\u00e7 de 2018 Inscrita per Resoluci\u00f3 del Director General de Dret i Entitats Jur\u00eddiques del Departament de Just\u00edcia de la Generalitat de Catalunya, amb n\u00famero 64587, t\u00e9 domicili social a Gran Via de Carles III, 59, 1r 3a [&hellip;]\" \/>\n<meta property=\"og:url\" content=\"https:\/\/www.adaviac.cat\/es\/qui-som\/\" \/>\n<meta property=\"og:site_name\" content=\"Associaci\u00f3 d&#039;Advocats de V\u00edctimes de Catalunya\" \/>\n<meta property=\"article:modified_time\" content=\"2023-07-28T15:43:18+00:00\" \/>\n<meta property=\"og:image\" content=\"https:\/\/www.adaviac.cat\/wp-content\/uploads\/2023\/03\/ENCAPCALAMENT-LOGO-ADAVIAC-1.png\" \/>\n<meta name=\"twitter:card\" content=\"summary_large_image\" \/>\n<meta name=\"twitter:label1\" content=\"Tiempo de lectura\" \/>\n\t<meta name=\"twitter:data1\" content=\"2 minutos\" \/>\n<script type=\"application\/ld+json\" class=\"yoast-schema-graph\">{\"@context\":\"https:\/\/schema.org\",\"@graph\":[{\"@type\":\"WebPage\",\"@id\":\"https:\/\/www.adaviac.cat\/qui-som\/\",\"url\":\"https:\/\/www.adaviac.cat\/qui-som\/\",\"name\":\"Qui som? - Associaci\u00f3 d&#039;Advocats de V\u00edctimes de Catalunya\",\"isPartOf\":{\"@id\":\"https:\/\/www.adaviac.cat\/#website\"},\"primaryImageOfPage\":{\"@id\":\"https:\/\/www.adaviac.cat\/qui-som\/#primaryimage\"},\"image\":{\"@id\":\"https:\/\/www.adaviac.cat\/qui-som\/#primaryimage\"},\"thumbnailUrl\":\"https:\/\/www.adaviac.cat\/wp-content\/uploads\/2023\/03\/ENCAPCALAMENT-LOGO-ADAVIAC-1.png\",\"datePublished\":\"2023-03-13T14:34:42+00:00\",\"dateModified\":\"2023-07-28T15:43:18+00:00\",\"breadcrumb\":{\"@id\":\"https:\/\/www.adaviac.cat\/qui-som\/#breadcrumb\"},\"inLanguage\":\"es\",\"potentialAction\":[{\"@type\":\"ReadAction\",\"target\":[\"https:\/\/www.adaviac.cat\/qui-som\/\"]}]},{\"@type\":\"ImageObject\",\"inLanguage\":\"es\",\"@id\":\"https:\/\/www.adaviac.cat\/qui-som\/#primaryimage\",\"url\":\"https:\/\/www.adaviac.cat\/wp-content\/uploads\/2023\/03\/ENCAPCALAMENT-LOGO-ADAVIAC-1.png\",\"contentUrl\":\"https:\/\/www.adaviac.cat\/wp-content\/uploads\/2023\/03\/ENCAPCALAMENT-LOGO-ADAVIAC-1.png\"},{\"@type\":\"BreadcrumbList\",\"@id\":\"https:\/\/www.adaviac.cat\/qui-som\/#breadcrumb\",\"itemListElement\":[{\"@type\":\"ListItem\",\"position\":1,\"name\":\"Portada\",\"item\":\"https:\/\/www.adaviac.cat\/\"},{\"@type\":\"ListItem\",\"position\":2,\"name\":\"Qui som?\"}]},{\"@type\":\"WebSite\",\"@id\":\"https:\/\/www.adaviac.cat\/#website\",\"url\":\"https:\/\/www.adaviac.cat\/\",\"name\":\"Associaci\u00f3 d&#039;Advocats de V\u00edctimes de Catalunya\",\"description\":\"ADAVIAC: Associaci\u00f3 d&#039;Advocats de V\u00edctimes de Catalunya\",\"publisher\":{\"@id\":\"https:\/\/www.adaviac.cat\/#organization\"},\"potentialAction\":[{\"@type\":\"SearchAction\",\"target\":{\"@type\":\"EntryPoint\",\"urlTemplate\":\"https:\/\/www.adaviac.cat\/?s={search_term_string}\"},\"query-input\":{\"@type\":\"PropertyValueSpecification\",\"valueRequired\":true,\"valueName\":\"search_term_string\"}}],\"inLanguage\":\"es\"},{\"@type\":\"Organization\",\"@id\":\"https:\/\/www.adaviac.cat\/#organization\",\"name\":\"Associaci\u00f3 d&#039;Advocats de V\u00edctimes de Catalunya\",\"url\":\"https:\/\/www.adaviac.cat\/\",\"logo\":{\"@type\":\"ImageObject\",\"inLanguage\":\"es\",\"@id\":\"https:\/\/www.adaviac.cat\/#\/schema\/logo\/image\/\",\"url\":\"https:\/\/www.adaviac.cat\/wp-content\/uploads\/2023\/03\/LOGO-ADAVIAC.png\",\"contentUrl\":\"https:\/\/www.adaviac.cat\/wp-content\/uploads\/2023\/03\/LOGO-ADAVIAC.png\",\"width\":350,\"height\":100,\"caption\":\"Associaci\u00f3 d&#039;Advocats de V\u00edctimes de Catalunya\"},\"image\":{\"@id\":\"https:\/\/www.adaviac.cat\/#\/schema\/logo\/image\/\"}}]}<\/script>\n<!-- \/ Yoast SEO plugin. -->","yoast_head_json":{"title":"Qui som? - Associaci\u00f3 d&#039;Advocats de V\u00edctimes de Catalunya","robots":{"index":"index","follow":"follow","max-snippet":"max-snippet:-1","max-image-preview":"max-image-preview:large","max-video-preview":"max-video-preview:-1"},"canonical":"https:\/\/www.adaviac.cat\/es\/qui-som\/","og_locale":"es_ES","og_type":"article","og_title":"Qui som? - Associaci\u00f3 d&#039;Advocats de V\u00edctimes de Catalunya","og_description":"Qui Som? ADAVIAC es constitueix com a Associaci\u00f3 d&#8217;Advocats de V\u00edctimes d&#8217;Accidents de Catalunya el 26 de mar\u00e7 de 2018 Inscrita per Resoluci\u00f3 del Director General de Dret i Entitats Jur\u00eddiques del Departament de Just\u00edcia de la Generalitat de Catalunya, amb n\u00famero 64587, t\u00e9 domicili social a Gran Via de Carles III, 59, 1r 3a [&hellip;]","og_url":"https:\/\/www.adaviac.cat\/es\/qui-som\/","og_site_name":"Associaci\u00f3 d&#039;Advocats de V\u00edctimes de Catalunya","article_modified_time":"2023-07-28T15:43:18+00:00","og_image":[{"url":"https:\/\/www.adaviac.cat\/wp-content\/uploads\/2023\/03\/ENCAPCALAMENT-LOGO-ADAVIAC-1.png","type":"","width":"","height":""}],"twitter_card":"summary_large_image","twitter_misc":{"Tiempo de lectura":"2 minutos"},"schema":{"@context":"https:\/\/schema.org","@graph":[{"@type":"WebPage","@id":"https:\/\/www.adaviac.cat\/qui-som\/","url":"https:\/\/www.adaviac.cat\/qui-som\/","name":"Qui som? - Associaci\u00f3 d&#039;Advocats de V\u00edctimes de Catalunya","isPartOf":{"@id":"https:\/\/www.adaviac.cat\/#website"},"primaryImageOfPage":{"@id":"https:\/\/www.adaviac.cat\/qui-som\/#primaryimage"},"image":{"@id":"https:\/\/www.adaviac.cat\/qui-som\/#primaryimage"},"thumbnailUrl":"https:\/\/www.adaviac.cat\/wp-content\/uploads\/2023\/03\/ENCAPCALAMENT-LOGO-ADAVIAC-1.png","datePublished":"2023-03-13T14:34:42+00:00","dateModified":"2023-07-28T15:43:18+00:00","breadcrumb":{"@id":"https:\/\/www.adaviac.cat\/qui-som\/#breadcrumb"},"inLanguage":"es","potentialAction":[{"@type":"ReadAction","target":["https:\/\/www.adaviac.cat\/qui-som\/"]}]},{"@type":"ImageObject","inLanguage":"es","@id":"https:\/\/www.adaviac.cat\/qui-som\/#primaryimage","url":"https:\/\/www.adaviac.cat\/wp-content\/uploads\/2023\/03\/ENCAPCALAMENT-LOGO-ADAVIAC-1.png","contentUrl":"https:\/\/www.adaviac.cat\/wp-content\/uploads\/2023\/03\/ENCAPCALAMENT-LOGO-ADAVIAC-1.png"},{"@type":"BreadcrumbList","@id":"https:\/\/www.adaviac.cat\/qui-som\/#breadcrumb","itemListElement":[{"@type":"ListItem","position":1,"name":"Portada","item":"https:\/\/www.adaviac.cat\/"},{"@type":"ListItem","position":2,"name":"Qui som?"}]},{"@type":"WebSite","@id":"https:\/\/www.adaviac.cat\/#website","url":"https:\/\/www.adaviac.cat\/","name":"Associaci\u00f3 d&#039;Advocats de V\u00edctimes de Catalunya","description":"ADAVIAC: Associaci\u00f3 d&#039;Advocats de V\u00edctimes de Catalunya","publisher":{"@id":"https:\/\/www.adaviac.cat\/#organization"},"potentialAction":[{"@type":"SearchAction","target":{"@type":"EntryPoint","urlTemplate":"https:\/\/www.adaviac.cat\/?s={search_term_string}"},"query-input":{"@type":"PropertyValueSpecification","valueRequired":true,"valueName":"search_term_string"}}],"inLanguage":"es"},{"@type":"Organization","@id":"https:\/\/www.adaviac.cat\/#organization","name":"Associaci\u00f3 d&#039;Advocats de V\u00edctimes de Catalunya","url":"https:\/\/www.adaviac.cat\/","logo":{"@type":"ImageObject","inLanguage":"es","@id":"https:\/\/www.adaviac.cat\/#\/schema\/logo\/image\/","url":"https:\/\/www.adaviac.cat\/wp-content\/uploads\/2023\/03\/LOGO-ADAVIAC.png","contentUrl":"https:\/\/www.adaviac.cat\/wp-content\/uploads\/2023\/03\/LOGO-ADAVIAC.png","width":350,"height":100,"caption":"Associaci\u00f3 d&#039;Advocats de V\u00edctimes de Catalunya"},"image":{"@id":"https:\/\/www.adaviac.cat\/#\/schema\/logo\/image\/"}}]}},"_links":{"self":[{"href":"https:\/\/www.adaviac.cat\/es\/wp-json\/wp\/v2\/pages\/156","targetHints":{"allow":["GET"]}}],"collection":[{"href":"https:\/\/www.adaviac.cat\/es\/wp-json\/wp\/v2\/pages"}],"about":[{"href":"https:\/\/www.adaviac.cat\/es\/wp-json\/wp\/v2\/types\/page"}],"author":[{"embeddable":true,"href":"https:\/\/www.adaviac.cat\/es\/wp-json\/wp\/v2\/users\/1"}],"replies":[{"embeddable":true,"href":"https:\/\/www.adaviac.cat\/es\/wp-json\/wp\/v2\/comments?post=156"}],"version-history":[{"count":36,"href":"https:\/\/www.adaviac.cat\/es\/wp-json\/wp\/v2\/pages\/156\/revisions"}],"predecessor-version":[{"id":1743,"href":"https:\/\/www.adaviac.cat\/es\/wp-json\/wp\/v2\/pages\/156\/revisions\/1743"}],"wp:attachment":[{"href":"https:\/\/www.adaviac.cat\/es\/wp-json\/wp\/v2\/media?parent=156"}],"curies":[{"name":"wp","href":"https:\/\/api.w.org\/{rel}","templated":true}]}}